{"id":602,"date":"2025-06-09T17:51:32","date_gmt":"2025-06-09T15:51:32","guid":{"rendered":"https:\/\/ouilleallegre.fr\/?page_id=602"},"modified":"2025-10-29T15:29:53","modified_gmt":"2025-10-29T14:29:53","slug":"programmation-2025","status":"publish","type":"page","link":"https:\/\/ouilleallegre.fr\/index.php\/programmation-2025\/","title":{"rendered":"Programmation 2025"},"content":{"rendered":"\n<div class=\"wp-block-cover alignfull is-light\" style=\"min-height:261px;aspect-ratio:unset;\"><span aria-hidden=\"true\" class=\"wp-block-cover__background has-nv-light-bg-background-color has-background-dim-0 has-background-dim\"><\/span><div class=\"wp-block-cover__inner-container is-layout-flow wp-block-cover-is-layout-flow\">\n<div class=\"wp-block-group is-layout-flow wp-block-group-is-layout-flow\">\n<div class=\"wp-block-columns is-layout-flex wp-container-core-columns-is-layout-28f84493 wp-block-columns-is-layout-flex\">\n<div class=\"wp-block-column has-ast-global-color-3-color has-text-color has-link-color wp-elements-71a0011746771a7dee943a3db6f12b72 is-layout-flow wp-block-column-is-layout-flow\" style=\"flex-basis:100%\">\n<p class=\"has-ast-global-color-2-color has-text-color has-link-color has-medium-font-size wp-elements-79463f20eddc41620081fd5493d8468e\"><strong>Mardi 29 juillet 2025 &#8211; 19h45 &#8211; Eglise de Bonneval-sur-Arc<\/strong><\/p>\n\n\n\n<p class=\"has-ast-global-color-3-color has-text-color has-link-color wp-elements-5b1f82ef763e52e3997d6e6d4b27a21d\">Cl\u00e9s d&rsquo;\u00e9coute (Entr\u00e9e libre)<\/p>\n\n\n\n<p class=\"has-text-align-left has-ast-global-color-3-color has-text-color has-link-color wp-elements-e601a24b376b5c989fb2b9df208363a1\" style=\"font-size:16px\">En avant-concert, les musiciens pr\u00e9sentent eux-m\u00eames le concert de 20h30. En termes simples ils situent les \u0153uvres dans leur contexte historique, jouent des extraits repr\u00e9sentatifs, pr\u00e9sentent leurs instruments, r\u00e9pondent aux questions\u2026<\/p>\n<\/div>\n<\/div>\n<\/div>\n<\/div><\/div>\n\n\n\n<div class=\"wp-block-cover alignfull is-light\" style=\"min-height:519px;aspect-ratio:unset;\"><span aria-hidden=\"true\" class=\"wp-block-cover__background has-nv-light-bg-background-color has-background-dim-0 has-background-dim\"><\/span><div class=\"wp-block-cover__inner-container is-layout-flow wp-block-cover-is-layout-flow\">\n<div class=\"wp-block-group is-layout-flow wp-block-group-is-layout-flow\">\n<div class=\"wp-block-columns is-layout-flex wp-container-core-columns-is-layout-28f84493 wp-block-columns-is-layout-flex\">\n<div class=\"wp-block-column has-ast-global-color-3-color has-text-color has-link-color wp-elements-32f6313949df1d5f8e3fd50260a6f68f is-layout-flow wp-block-column-is-layout-flow\" style=\"flex-basis:60%\">\n<p class=\"has-ast-global-color-2-color has-text-color has-link-color has-medium-font-size wp-elements-2acdc70ee1984b2f9dea40f620a97078\"><strong>Mardi 29 juillet 2025 &#8211; 20h30 &#8211; Eglise de Bonneval-sur-Arc<\/strong><\/p>\n\n\n\n<p class=\"has-ast-global-color-1-color has-text-color has-link-color wp-elements-fd48126ede6de4a62cf7caca0bfed6b1\"><a href=\"https:\/\/ouilleallegre.fr\/index.php\/ensemble-scherzino\/\" data-type=\"page\" data-id=\"642\">Ensemble Scherzino<\/a><\/p>\n\n\n\n<p class=\"has-ast-global-color-3-color has-text-color has-link-color wp-elements-4c79a2f14d44132a52eb0b2f1419f37b\">Connu pour les concerts qu&rsquo;il a donn\u00e9s \u00e0 Bessans et Bonneval de 2002 \u00e0 2008, l&rsquo;ensemble SCHERZINO accueille deux jeunes instrumentistes. Il jouera les transcriptions r\u00e9alis\u00e9es pour cet ensemble atypique, Mozart, Dvo\u0159\u00e1k, Debussy sont au rendez-vous.<\/p>\n\n\n\n<p><strong>Gioacchino ROSSINI<\/strong><br><em>Ouverture de la Pie Voleuse<\/em><\/p>\n\n\n\n<p><strong>Wolfgang Amadeus MOZART<\/strong><br><em>Divertimento en fa majeur KV 138<\/em><\/p>\n\n\n\n<p><strong>Manuel DE FALLA<\/strong><br>Extraits de <em>l\u2019Amour sorcier <\/em>:&nbsp;<br>Le cercle magique, &nbsp;Minuit&nbsp;: les sortil\u00e8ges,&nbsp;La danse du feu<\/p>\n\n\n\n<p><strong>Claude DEBUSSY<\/strong><br><em>Petite suite<\/em><\/p>\n\n\n\n<p><strong>Anton\u00edn DVO\u0158\u00c1K<\/strong><br><em>Deux Danses Slaves op. 46 n\u00b0 2 et n\u00b07&nbsp;<\/em><\/p>\n<\/div>\n\n\n\n<div class=\"wp-block-column is-layout-flow wp-block-column-is-layout-flow\" style=\"flex-basis:45%\">\n<figure class=\"wp-block-image alignfull size-full\"><img loading=\"lazy\" decoding=\"async\" width=\"2560\" height=\"1824\" src=\"https:\/\/ouilleallegre.fr\/wp-content\/uploads\/2025\/06\/Scherzino-\u00a9Rencontres-de-lOuille-Allegre-scaled.jpeg\" alt=\"\" class=\"wp-image-603\" srcset=\"https:\/\/ouilleallegre.fr\/wp-content\/uploads\/2025\/06\/Scherzino-\u00a9Rencontres-de-lOuille-Allegre-scaled.jpeg 2560w, https:\/\/ouilleallegre.fr\/wp-content\/uploads\/2025\/06\/Scherzino-\u00a9Rencontres-de-lOuille-Allegre-300x214.jpeg 300w, https:\/\/ouilleallegre.fr\/wp-content\/uploads\/2025\/06\/Scherzino-\u00a9Rencontres-de-lOuille-Allegre-1024x729.jpeg 1024w, https:\/\/ouilleallegre.fr\/wp-content\/uploads\/2025\/06\/Scherzino-\u00a9Rencontres-de-lOuille-Allegre-768x547.jpeg 768w, https:\/\/ouilleallegre.fr\/wp-content\/uploads\/2025\/06\/Scherzino-\u00a9Rencontres-de-lOuille-Allegre-1536x1094.jpeg 1536w, https:\/\/ouilleallegre.fr\/wp-content\/uploads\/2025\/06\/Scherzino-\u00a9Rencontres-de-lOuille-Allegre-2048x1459.jpeg 2048w\" sizes=\"auto, (max-width: 2560px) 100vw, 2560px\" \/><\/figure>\n\n\n\n<p class=\"has-ast-global-color-3-color has-text-color has-link-color wp-elements-2b24d8abe1e1830849bf519968369816\"><span style=\"text-decoration: underline;\">Tarifs<\/span><br>Plein tarif : 18 \u20ac<br>Tarif r\u00e9duit (Etudiants, ch\u00f4meurs, adh\u00e9rents) : 14 \u20ac<br>Enfant (-12 ans) : gratuit<\/p>\n<\/div>\n<\/div>\n<\/div>\n<\/div><\/div>\n\n\n\n<div class=\"wp-block-cover alignfull is-light\" style=\"min-height:261px;aspect-ratio:unset;\"><span aria-hidden=\"true\" class=\"wp-block-cover__background has-nv-light-bg-background-color has-background-dim-0 has-background-dim\"><\/span><div class=\"wp-block-cover__inner-container is-layout-flow wp-block-cover-is-layout-flow\">\n<div class=\"wp-block-group is-layout-flow wp-block-group-is-layout-flow\">\n<div class=\"wp-block-columns is-layout-flex wp-container-core-columns-is-layout-28f84493 wp-block-columns-is-layout-flex\">\n<div class=\"wp-block-column has-ast-global-color-3-color has-text-color has-link-color wp-elements-e56bb7facf43da669ef99500db7bae8b is-layout-flow wp-block-column-is-layout-flow\" style=\"flex-basis:100%\">\n<p class=\"has-ast-global-color-2-color has-text-color has-link-color has-medium-font-size wp-elements-2c465c30dbce8924ba5a63973844111e\"><strong>Jeudi 31 juillet 2025 &#8211; 19h45 &#8211; Eglise de Bessans<\/strong><\/p>\n\n\n\n<p class=\"has-ast-global-color-3-color has-text-color has-link-color wp-elements-5b1f82ef763e52e3997d6e6d4b27a21d\">Cl\u00e9s d&rsquo;\u00e9coute (Entr\u00e9e libre)<\/p>\n\n\n\n<p class=\"has-text-align-left has-ast-global-color-3-color has-text-color has-link-color wp-elements-e601a24b376b5c989fb2b9df208363a1\" style=\"font-size:16px\">En avant-concert, les musiciens pr\u00e9sentent eux-m\u00eames le concert de 20h30. En termes simples ils situent les \u0153uvres dans leur contexte historique, jouent des extraits repr\u00e9sentatifs, pr\u00e9sentent leurs instruments, r\u00e9pondent aux questions\u2026<\/p>\n<\/div>\n<\/div>\n<\/div>\n<\/div><\/div>\n\n\n\n<div class=\"wp-block-cover alignfull is-light\" style=\"min-height:519px;aspect-ratio:unset;\"><span aria-hidden=\"true\" class=\"wp-block-cover__background has-nv-light-bg-background-color has-background-dim-0 has-background-dim\"><\/span><div class=\"wp-block-cover__inner-container is-layout-flow wp-block-cover-is-layout-flow\">\n<div class=\"wp-block-group is-layout-flow wp-block-group-is-layout-flow\">\n<div class=\"wp-block-columns is-layout-flex wp-container-core-columns-is-layout-28f84493 wp-block-columns-is-layout-flex\">\n<div class=\"wp-block-column has-ast-global-color-3-color has-text-color has-link-color wp-elements-e4630810765598798ed2f69c0249d1a6 is-layout-flow wp-block-column-is-layout-flow\" style=\"flex-basis:60%\">\n<p class=\"has-ast-global-color-2-color has-text-color has-link-color has-medium-font-size wp-elements-bdcbd8fdf6f8db0f3fc6e7117668420a\"><strong>Jeudi 31 juillet 2025 &#8211; 20h30 &#8211; Eglise de Bessans<\/strong><\/p>\n\n\n\n<p class=\"has-ast-global-color-1-color has-text-color has-link-color wp-elements-70259424bea12793ab810d16562ffaab\"><a href=\"https:\/\/ouilleallegre.fr\/index.php\/conce-desjardins-allexandredalbronn\/\" data-type=\"page\" data-id=\"646\">Trio \u00e0 cordes<\/a><\/p>\n\n\n\n<p class=\"has-text-align-left has-ast-global-color-3-color has-text-color has-link-color wp-elements-8d9ae97b40b0f02e9962a5330aa68085\" style=\"font-size:16px\">Emeline Conc\u00e9, violon<br>Louise Desjardins, alto<br>Aur\u00e9lie Allexandre d\u2019Albronn, violoncelle<\/p>\n\n\n\n<p class=\"has-text-align-left has-ast-global-color-3-color has-text-color has-link-color wp-elements-af03d4a5f5261cb7d3ac16b2ea1699d5\" style=\"font-size:16px\">Trois musiciennes, membres de grandes formations parisiennes, proposent une soir\u00e9e austro-hongroise en trio \u00e0 cordes&nbsp;; retrouvez la musique de Schubert ou de Beethoven, d\u00e9couvrez le folklore hongrois \u00e0 travers celle de Kodaly ou \u2026 L\u00e1szl\u00f3 Lajtha&nbsp;!<\/p>\n\n\n\n<p><strong>Franz&nbsp;SCHUBERT<\/strong><br><em>Trio D.471 en si b\u00e9mol majeur<\/em><\/p>\n\n\n\n<p><strong>Ludwig van BEETHOVEN<\/strong><br><em>Trio \u00e0 cordes opus 9 n\u00b03 en ut mineur<\/em><\/p>\n\n\n\n<p><strong>Jean FRANCAIX<\/strong><br><em>Trio pour violon, alto et violoncelle<\/em><\/p>\n\n\n\n<p><strong>Zolt\u00e1n KOD\u00c1LY<\/strong><br><em>Intermezzo<\/em><\/p>\n\n\n\n<p><strong>L\u00e1szl\u00f3 LAJTHA<\/strong><br><em>Soirs transylvaniens \u2013 Quatre esquisses pour trio \u00e0 cordes opus 41<br>\u00ab Soir de printemps \u00bb ou lune de cr\u00e9puscule et les pr\u00e9s alpestres<\/em><\/p>\n<\/div>\n\n\n\n<div class=\"wp-block-column is-layout-flow wp-block-column-is-layout-flow\"><\/div>\n\n\n\n<div class=\"wp-block-column is-layout-flow wp-block-column-is-layout-flow\" style=\"flex-basis:45%\">\n<figure class=\"wp-block-image alignfull size-full\"><img loading=\"lazy\" decoding=\"async\" width=\"2046\" height=\"1352\" src=\"https:\/\/ouilleallegre.fr\/wp-content\/uploads\/2025\/06\/Trio-2-\u00a9Letizia-Le-Fur-\u00a9De-Bendelac-\u00a9AnneBied.png\" alt=\"\" class=\"wp-image-604\" srcset=\"https:\/\/ouilleallegre.fr\/wp-content\/uploads\/2025\/06\/Trio-2-\u00a9Letizia-Le-Fur-\u00a9De-Bendelac-\u00a9AnneBied.png 2046w, https:\/\/ouilleallegre.fr\/wp-content\/uploads\/2025\/06\/Trio-2-\u00a9Letizia-Le-Fur-\u00a9De-Bendelac-\u00a9AnneBied-300x198.png 300w, https:\/\/ouilleallegre.fr\/wp-content\/uploads\/2025\/06\/Trio-2-\u00a9Letizia-Le-Fur-\u00a9De-Bendelac-\u00a9AnneBied-1024x677.png 1024w, https:\/\/ouilleallegre.fr\/wp-content\/uploads\/2025\/06\/Trio-2-\u00a9Letizia-Le-Fur-\u00a9De-Bendelac-\u00a9AnneBied-768x507.png 768w, https:\/\/ouilleallegre.fr\/wp-content\/uploads\/2025\/06\/Trio-2-\u00a9Letizia-Le-Fur-\u00a9De-Bendelac-\u00a9AnneBied-1536x1015.png 1536w\" sizes=\"auto, (max-width: 2046px) 100vw, 2046px\" \/><\/figure>\n\n\n\n<p class=\"has-text-align-left has-small-font-size\">\u00a9Letizia Le Fur-\u00a9De-Bendelac-\u00a9AnneBied<\/p>\n\n\n\n<p class=\"has-ast-global-color-3-color has-text-color has-link-color wp-elements-2b24d8abe1e1830849bf519968369816\"><span style=\"text-decoration: underline;\">Tarifs<\/span><br>Plein tarif : 18 \u20ac<br>Tarif r\u00e9duit (Etudiants, ch\u00f4meurs, adh\u00e9rents) : 14 \u20ac<br>Enfant (-12 ans) : gratuit<\/p>\n<\/div>\n<\/div>\n<\/div>\n<\/div><\/div>\n\n\n\n<div class=\"wp-block-cover alignfull is-light\" style=\"min-height:519px;aspect-ratio:unset;\"><span aria-hidden=\"true\" class=\"wp-block-cover__background has-nv-light-bg-background-color has-background-dim-0 has-background-dim\"><\/span><div class=\"wp-block-cover__inner-container is-layout-flow wp-block-cover-is-layout-flow\">\n<div class=\"wp-block-group is-layout-flow wp-block-group-is-layout-flow\">\n<div class=\"wp-block-columns is-layout-flex wp-container-core-columns-is-layout-28f84493 wp-block-columns-is-layout-flex\">\n<div class=\"wp-block-column has-ast-global-color-3-color has-text-color has-link-color wp-elements-cc010f456ae26e09e34fc7386419813d is-layout-flow wp-block-column-is-layout-flow\" style=\"flex-basis:60%\">\n<p class=\"has-ast-global-color-2-color has-text-color has-link-color has-medium-font-size wp-elements-816d21fba43ac475aefccc91866db78b\"><strong>Dimanche 3 ao\u00fbt 2025 &#8211; 17h &#8211; Concert Exceptionnel \u00e0 la Chapelle <\/strong><strong>Saint-Pierre d&rsquo;Av\u00e9role<\/strong><\/p>\n\n\n\n<p class=\"has-ast-global-color-1-color has-text-color has-link-color wp-elements-163384188040707e21a305d924007d97\"><a href=\"https:\/\/ouilleallegre.fr\/index.php\/ensemble-la-piemontoise\/\" data-type=\"page\" data-id=\"220\">Ensemble La Pi\u00e9montoise<\/a><\/p>\n\n\n\n<p class=\"has-ast-global-color-3-color has-text-color has-link-color wp-elements-4549c23b4b7eb5776986b2a40d8ab0e2\">\u00ab&nbsp;En ce temps-l\u00e0, \u00e0 la cour de Louis XIV&nbsp;\u00bb<\/p>\n\n\n\n<p class=\"has-text-align-left has-ast-global-color-3-color has-text-color has-link-color wp-elements-66079c9116e5b399c22b0d7b046c3aab\" style=\"font-size:16px\">Claudine Desjardins-Cloutour, traverso<br>Anna Cavalli, clavecin<br>Dominique Desjardins, viole de gambe<\/p>\n\n\n\n<p>L\u2019Ensemble baroque La Pi\u00e9montoise, traverso, viole et clavecin, propose un aper\u00e7u de la musique qui \u00e9tait jou\u00e9e \u00e0 la cour de Louis XIV, Elisabeth Jacquet de la Guerre, De La Barre, Hotteterre.<\/p>\n\n\n\n<p><strong>Michel PIGNOLET DE MONT\u00c9CLAIR<\/strong><br><em>IV<sup>\u00e8me&nbsp;<\/sup>concert&nbsp;pour la fl\u00fbte traversi\u00e8re avec la basse chiffr\u00e9e<\/em><\/p>\n\n\n\n<p><strong>Nicolas HOTMAN (Hauttement)<\/strong><br><em>Suite pour viole de gambe seule<\/em><\/p>\n\n\n\n<p><strong>Michel DE LA BARRE<\/strong><br><em>Premier livre de pi\u00e8ces pour la fl\u00fbte traversi\u00e8re avec la basse continue,&nbsp;Suite III<sup>\u00e8me<\/sup><\/em><\/p>\n\n\n\n<p><strong>Michel CORRETTE<\/strong><br><em>4<sup>\u00e8me<\/sup>&nbsp;Sonatille, solo pour la fl\u00fbte traversi\u00e8re ou violon avec la basse. \u0152uvre XIX<\/em><\/p>\n\n\n\n<p><strong>Elisabeth JACQUET DE LA GUERRE<\/strong><br><em>Pr\u00e9lude et chaconne pour clavecin seul<\/em><\/p>\n\n\n\n<p><strong>Jacques Martin HOTTETERRE<\/strong><br><em>Premier livre de pi\u00e8ces pour la fl\u00fbte traversi\u00e8re avec la basse, \u0153uvre V<sup>e<\/sup>, 1715;&nbsp;Premi\u00e8re Suitte<\/em><\/p>\n<\/div>\n\n\n\n<div class=\"wp-block-column is-layout-flow wp-block-column-is-layout-flow\"><\/div>\n\n\n\n<div class=\"wp-block-column is-layout-flow wp-block-column-is-layout-flow\" style=\"flex-basis:45%\">\n<figure class=\"wp-block-image alignfull size-full\"><img loading=\"lazy\" decoding=\"async\" width=\"2500\" height=\"1669\" src=\"https:\/\/ouilleallegre.fr\/wp-content\/uploads\/2025\/06\/LA-PIEMONTOISE-022.jpg\" alt=\"\" class=\"wp-image-606\" srcset=\"https:\/\/ouilleallegre.fr\/wp-content\/uploads\/2025\/06\/LA-PIEMONTOISE-022.jpg 2500w, https:\/\/ouilleallegre.fr\/wp-content\/uploads\/2025\/06\/LA-PIEMONTOISE-022-300x200.jpg 300w, https:\/\/ouilleallegre.fr\/wp-content\/uploads\/2025\/06\/LA-PIEMONTOISE-022-1024x684.jpg 1024w, https:\/\/ouilleallegre.fr\/wp-content\/uploads\/2025\/06\/LA-PIEMONTOISE-022-768x513.jpg 768w, https:\/\/ouilleallegre.fr\/wp-content\/uploads\/2025\/06\/LA-PIEMONTOISE-022-1536x1025.jpg 1536w, https:\/\/ouilleallegre.fr\/wp-content\/uploads\/2025\/06\/LA-PIEMONTOISE-022-2048x1367.jpg 2048w\" sizes=\"auto, (max-width: 2500px) 100vw, 2500px\" \/><\/figure>\n\n\n\n<p class=\"has-small-font-size\">\u00a9 Bardig<\/p>\n\n\n\n<p class=\"has-ast-global-color-3-color has-text-color has-link-color wp-elements-2b24d8abe1e1830849bf519968369816\"><span style=\"text-decoration: underline;\">Tarifs<\/span><br>Plein tarif : 18 \u20ac<br>Tarif r\u00e9duit (Etudiants, ch\u00f4meurs, adh\u00e9rents) : 14 \u20ac<br>Enfant (-12 ans) : gratuit<\/p>\n\n\n\n<p><strong><span style=\"text-decoration: underline;\">Deux possibilit\u00e9s de navette<\/span><\/strong><br><strong>(Tarif AR : 4\u20ac, aller simple 2\u20ac50)<\/strong><\/p>\n\n\n\n<p>&#8211; <em>Sans r\u00e9servation<\/em> : navette n\u00b03 affr\u00e9t\u00e9e par la CCHMV. (15h50 d\u00e9part de Bonneval &#8211; 16h00 Bessans &#8211; 16h20 Vincendi\u00e8res &#8211; 16h30 Hameau d&rsquo;Av\u00e9role). Pour le retour \u00e0 l\u2019issue du concert le d\u00e9part d\u2019Av\u00e9role sera d\u00e9cal\u00e9 \u00e0 18h15. Paiement directement aupr\u00e8s du chauffeur en esp\u00e8ces.<\/p>\n\n\n\n<p>&#8211; <em>Sur r\u00e9servation<\/em> : navette de la Bessannaise.<br>16h Parking de La Bessannaise &#8211; 16h15 parking de Vincendi\u00e8res &#8211; 16h30 Av\u00e9role. <br>Retour vers le parking de Vincendi\u00e8res et le parking de La Bessannaise \u00e0 l\u2019issue du concert (entre 18h15 et 18h30).&nbsp;<br>R\u00e9servation et achat du ticket sur la <a href=\"https:\/\/www.helloasso.com\/associations\/rencontres-artistiques-de-l-ouille-allegre\/evenements\/musicales-de-l-ouille-allegre-2025\">billetterie<\/a>.<\/p>\n\n\n\n<p><span style=\"text-decoration: underline;\"><strong>V\u00e9hicules priv\u00e9s<\/strong><\/span><\/p>\n\n\n\n<p>Par autorisation exceptionnelle de la mairie de Bessans, en d\u00e9rogation de l\u2019arr\u00eat\u00e9 municipal en vigueur, &nbsp;les v\u00e9hicules priv\u00e9s pourront monter \u00e0 partir de 16h00 et redescendre suite au concert. Merci de privil\u00e9gier le covoiturage pour limiter le nombre de v\u00e9hicules !&nbsp;<\/p>\n\n\n\n<p><strong><span style=\"text-decoration: underline;\">Mont\u00e9e et descente \u00e0 pied<\/span><\/strong> sont recommand\u00e9es. Compter entre 35 et 60 minutes en fonction du pas.&nbsp;<\/p>\n<\/div>\n<\/div>\n<\/div>\n<\/div><\/div>\n\n\n\n<div class=\"wp-block-cover alignfull is-light\" style=\"min-height:261px;aspect-ratio:unset;\"><span aria-hidden=\"true\" class=\"wp-block-cover__background has-nv-light-bg-background-color has-background-dim-0 has-background-dim\"><\/span><div class=\"wp-block-cover__inner-container is-layout-flow wp-block-cover-is-layout-flow\">\n<div class=\"wp-block-group is-layout-flow wp-block-group-is-layout-flow\">\n<div class=\"wp-block-columns is-layout-flex wp-container-core-columns-is-layout-28f84493 wp-block-columns-is-layout-flex\">\n<div class=\"wp-block-column has-ast-global-color-3-color has-text-color has-link-color wp-elements-f4f65bcbb57246b9c6bb124e3aca09c1 is-layout-flow wp-block-column-is-layout-flow\" style=\"flex-basis:100%\">\n<p class=\"has-ast-global-color-2-color has-text-color has-link-color has-medium-font-size wp-elements-512658375ed1b50faa805c32deb8ab27\"><strong>Mardi 5 ao\u00fbt 2025 &#8211; 19h45 &#8211; Eglise de Bonneval-sur-Arc<\/strong><\/p>\n\n\n\n<p class=\"has-ast-global-color-3-color has-text-color has-link-color wp-elements-5b1f82ef763e52e3997d6e6d4b27a21d\">Cl\u00e9s d&rsquo;\u00e9coute (Entr\u00e9e libre)<\/p>\n\n\n\n<p class=\"has-text-align-left has-ast-global-color-3-color has-text-color has-link-color wp-elements-e601a24b376b5c989fb2b9df208363a1\" style=\"font-size:16px\">En avant-concert, les musiciens pr\u00e9sentent eux-m\u00eames le concert de 20h30. En termes simples ils situent les \u0153uvres dans leur contexte historique, jouent des extraits repr\u00e9sentatifs, pr\u00e9sentent leurs instruments, r\u00e9pondent aux questions\u2026<\/p>\n<\/div>\n<\/div>\n<\/div>\n<\/div><\/div>\n\n\n\n<div class=\"wp-block-cover alignfull is-light\" style=\"min-height:586px;aspect-ratio:unset;\"><span aria-hidden=\"true\" class=\"wp-block-cover__background has-nv-light-bg-background-color has-background-dim-0 has-background-dim\"><\/span><div class=\"wp-block-cover__inner-container is-layout-flow wp-block-cover-is-layout-flow\">\n<div class=\"wp-block-group is-layout-flow wp-block-group-is-layout-flow\">\n<div class=\"wp-block-columns is-layout-flex wp-container-core-columns-is-layout-28f84493 wp-block-columns-is-layout-flex\">\n<div class=\"wp-block-column has-ast-global-color-3-color has-text-color has-link-color wp-elements-c0bd502682753a7b42be111ec05141a1 is-layout-flow wp-block-column-is-layout-flow\" style=\"flex-basis:60%\">\n<p class=\"has-ast-global-color-2-color has-text-color has-link-color has-medium-font-size wp-elements-2b7609e000ee74b822533e4bfe4245a1\"><strong><strong>Mardi 5 ao\u00fbt 2025 &#8211; 20h30 &#8211; Eglise de Bonneval-sur-Arc<\/strong><\/strong><\/p>\n\n\n\n<p class=\"has-ast-global-color-1-color has-text-color has-link-color wp-elements-e93e70621bed0f9e5a1d997466dd986d\"><a href=\"https:\/\/ouilleallegre.fr\/index.php\/ensemble-arlequin\/\" data-type=\"page\" data-id=\"657\">Ensemble Arlequin<\/a><\/p>\n\n\n\n<p class=\"has-text-align-left has-ast-global-color-3-color has-text-color has-link-color wp-elements-f51a9ee5d8a2e73cbbb737863bc5176f\" style=\"font-size:16px\">\u00ab\u00a0Du Baroque au Classicisme\u00a0\u00bb<\/p>\n\n\n\n<p class=\"has-ast-global-color-3-color has-text-color has-link-color wp-elements-f0c699410fa3f05fe9c415cf38493d8a\">Gilone Gaubert, violon baroque<br>Pierre Vallet, alto baroque<br>Marjolaine Cambon, viole de gambe et violoncelle baroque<\/p>\n\n\n\n<p class=\"has-text-align-left has-ast-global-color-3-color has-text-color has-link-color wp-elements-d7c9f86aaa7653e986e4c1928f2036b0\" style=\"font-size:16px\">La premi\u00e8re partie du concert est constitu\u00e9e de menues pi\u00e8ces anglaises du XVIIe si\u00e8cle, dont les c\u00e9l\u00e8bres Fantaisies de Purcell, arrang\u00e9es pour trio \u00e0 cordes. La seconde nous fait rencontrer Haydn et le d\u00e9but du classicisme.<\/p>\n\n\n\n<p><strong>John BLOW&nbsp;(1649-1708)<\/strong><br><em>Pr\u00e9lude<\/em><\/p>\n\n\n\n<p><strong>John JENKINS&nbsp;(1592-1678)<\/strong><br><em>2 Ayres&nbsp;<\/em><\/p>\n\n\n\n<p><strong>Matthew LOCKE&nbsp;(1621-1677)<\/strong><br><em>\u00ab The Flatt Consort \u00bb Fantasia n\u00b01<\/em><\/p>\n\n\n\n<p><strong>John ECCLES&nbsp;(1668-1735)<\/strong><br><em>Ground<\/em>&nbsp;<\/p>\n\n\n\n<p><strong>John BULL&nbsp;(1562-1628)<\/strong><br><em>Fantasia<\/em><\/p>\n\n\n\n<p><strong>William YOUNG&nbsp;(?-1662)<\/strong><br><em>Sonata Prima a 3&nbsp;<\/em><\/p>\n\n\n\n<p><strong>Henry PURCELL&nbsp;(1659-1695)<\/strong><br><em>Fantasia n\u00b02<\/em><\/p>\n\n\n\n<p><strong>Elway BEVIN&nbsp;(ca. 1554-1638)<\/strong><br><em>Browing pour trois violes<\/em><\/p>\n\n\n\n<p><strong>Henry PURCELL (1659-1695)<\/strong><br><em>Fantasia n\u00b03<\/em><\/p>\n\n\n\n<p><strong>Anonyme<\/strong><br><em>Woody Cock<\/em><\/p>\n\n\n\n<p><strong>Joseph HAYDN<\/strong> (1732-1809)<br>Trios pour baryton, alto et basse<br><em>Trio n\u00b077 en Sol Majeur<\/em><br><em>Trio n\u00b082 en Do Majeur<\/em><br><em>Trio n\u00b096 en Si mineur<\/em><\/p>\n<\/div>\n\n\n\n<div class=\"wp-block-column is-layout-flow wp-block-column-is-layout-flow\" style=\"flex-basis:45%\">\n<figure class=\"wp-block-image alignfull size-full\"><img loading=\"lazy\" decoding=\"async\" width=\"2000\" height=\"1333\" src=\"http:\/\/ouilleallegre.fr\/wp-content\/uploads\/2025\/06\/Ensemble-Arlequin-\u00a9G.Ferry-\u00a9E.Jacques.png\" alt=\"\" class=\"wp-image-605\" srcset=\"https:\/\/ouilleallegre.fr\/wp-content\/uploads\/2025\/06\/Ensemble-Arlequin-\u00a9G.Ferry-\u00a9E.Jacques.png 2000w, https:\/\/ouilleallegre.fr\/wp-content\/uploads\/2025\/06\/Ensemble-Arlequin-\u00a9G.Ferry-\u00a9E.Jacques-300x200.png 300w, https:\/\/ouilleallegre.fr\/wp-content\/uploads\/2025\/06\/Ensemble-Arlequin-\u00a9G.Ferry-\u00a9E.Jacques-1024x682.png 1024w, https:\/\/ouilleallegre.fr\/wp-content\/uploads\/2025\/06\/Ensemble-Arlequin-\u00a9G.Ferry-\u00a9E.Jacques-768x512.png 768w, https:\/\/ouilleallegre.fr\/wp-content\/uploads\/2025\/06\/Ensemble-Arlequin-\u00a9G.Ferry-\u00a9E.Jacques-1536x1024.png 1536w\" sizes=\"auto, (max-width: 2000px) 100vw, 2000px\" \/><\/figure>\n\n\n\n<p class=\"has-small-font-size\">\u00a9G.Ferry &#8211; \u00a9E.Jacques<\/p>\n\n\n\n<p class=\"has-ast-global-color-3-color has-text-color has-link-color wp-elements-2b24d8abe1e1830849bf519968369816\"><span style=\"text-decoration: underline;\">Tarifs<\/span><br>Plein tarif : 18 \u20ac<br>Tarif r\u00e9duit (Etudiants, ch\u00f4meurs, adh\u00e9rents) : 14 \u20ac<br>Enfant (-12 ans) : gratuit<\/p>\n<\/div>\n<\/div>\n<\/div>\n<\/div><\/div>\n\n\n\n<div class=\"wp-block-cover alignfull is-light\" style=\"min-height:586px;aspect-ratio:unset;\"><span aria-hidden=\"true\" class=\"wp-block-cover__background has-nv-light-bg-background-color has-background-dim-0 has-background-dim\"><\/span><div class=\"wp-block-cover__inner-container is-layout-flow wp-block-cover-is-layout-flow\">\n<div class=\"wp-block-group is-layout-flow wp-block-group-is-layout-flow\">\n<div class=\"wp-block-columns is-layout-flex wp-container-core-columns-is-layout-28f84493 wp-block-columns-is-layout-flex\">\n<div class=\"wp-block-column has-ast-global-color-3-color has-text-color has-link-color wp-elements-522a35ff6c66cfee3d07b1fdb2c2eb25 is-layout-flow wp-block-column-is-layout-flow\" style=\"flex-basis:60%\">\n<p class=\"has-ast-global-color-2-color has-text-color has-link-color has-medium-font-size wp-elements-fd65ed9151053a661cc50dd1d5a2a5e8\"><strong>Mercredi 6 ao\u00fbt 2025 &#8211; 17h \u00e0 18h15 &#8211; Espace Albaron (Bessans)<\/strong><\/p>\n\n\n\n<p class=\"has-ast-global-color-1-color has-text-color has-link-color wp-elements-5ce10a3c5c858fa6dff7443c80d1cc6f\">Atelier d\u00e9couverte par les musiciens de l&rsquo;ensemble La Pi\u00e9montoise<\/p>\n\n\n\n<p class=\"has-text-align-left has-ast-global-color-3-color has-text-color has-link-color wp-elements-46a694223cc6db332237128bca9b78cd\" style=\"font-size:16px\">Ouvert aux enfants de 5 \u00e0 10 ans inclus, cet atelier-d\u00e9couverte se propose de leur faire d\u00e9couvrir, en chantant, en utilisant les percussions corporelles et de petites percussions quelques-unes des musiques, quelques-uns des th\u00e8mes du concert du 7 ao\u00fbt. En fin d\u2019atelier, \u00e0 18H15, parents et proches pourront assister \u00e0 une courte restitution, par les enfants et les membres de l\u2019Ensemble La Pi\u00e9montoise, du travail de d\u00e9couverte des th\u00e8mes.<\/p>\n\n\n\n<p class=\"has-text-align-left has-ast-global-color-3-color has-text-color has-link-color wp-elements-52e787667d0b1f67e013da598c54e219\" style=\"font-size:16px\">L\u2019entr\u00e9e au concert \u00e9tant gratuite pour eux, les enfants pourront accompagner leurs parents et assister au concert du lendemain, jeudi 7 ao\u00fbt.<\/p>\n\n\n\n<p class=\"has-ast-global-color-3-color has-text-color has-link-color wp-elements-dd7b6e6623480e52307c636a59d07286\"><\/p>\n\n\n\n<p class=\"has-text-align-left has-ast-global-color-3-color has-text-color has-link-color wp-elements-cd54961c9070aa798f7f9ba38c525929\" style=\"font-size:16px\"><\/p>\n<\/div>\n\n\n\n<div class=\"wp-block-column is-layout-flow wp-block-column-is-layout-flow\" style=\"flex-basis:45%\">\n<figure class=\"wp-block-image alignfull size-full\"><img loading=\"lazy\" decoding=\"async\" width=\"1600\" height=\"1200\" src=\"https:\/\/ouilleallegre.fr\/wp-content\/uploads\/2025\/06\/PHOTO-2025-06-09-18-04-58-edited.jpg\" alt=\"\" class=\"wp-image-619\" srcset=\"https:\/\/ouilleallegre.fr\/wp-content\/uploads\/2025\/06\/PHOTO-2025-06-09-18-04-58-edited.jpg 1600w, https:\/\/ouilleallegre.fr\/wp-content\/uploads\/2025\/06\/PHOTO-2025-06-09-18-04-58-edited-300x225.jpg 300w, https:\/\/ouilleallegre.fr\/wp-content\/uploads\/2025\/06\/PHOTO-2025-06-09-18-04-58-edited-1024x768.jpg 1024w, https:\/\/ouilleallegre.fr\/wp-content\/uploads\/2025\/06\/PHOTO-2025-06-09-18-04-58-edited-768x576.jpg 768w, https:\/\/ouilleallegre.fr\/wp-content\/uploads\/2025\/06\/PHOTO-2025-06-09-18-04-58-edited-1536x1152.jpg 1536w\" sizes=\"auto, (max-width: 1600px) 100vw, 1600px\" \/><\/figure>\n\n\n\n<p class=\"has-ast-global-color-3-color has-text-color has-link-color wp-elements-24552afea20242c457d620446adb31a6\"><span style=\"text-decoration: underline;\">Tarifs<\/span><br>Gratuit (Inscription obligatoire)<\/p>\n<\/div>\n<\/div>\n<\/div>\n<\/div><\/div>\n\n\n\n<div class=\"wp-block-cover alignfull is-light\" style=\"min-height:519px;aspect-ratio:unset;\"><span aria-hidden=\"true\" class=\"wp-block-cover__background has-nv-light-bg-background-color has-background-dim-0 has-background-dim\"><\/span><div class=\"wp-block-cover__inner-container is-layout-flow wp-block-cover-is-layout-flow\">\n<div class=\"wp-block-group is-layout-flow wp-block-group-is-layout-flow\">\n<div class=\"wp-block-columns is-layout-flex wp-container-core-columns-is-layout-28f84493 wp-block-columns-is-layout-flex\">\n<div class=\"wp-block-column has-ast-global-color-3-color has-text-color has-link-color wp-elements-c18370a5bc0139064d68d8f36589c4fd is-layout-flow wp-block-column-is-layout-flow\" style=\"flex-basis:60%\">\n<p class=\"has-ast-global-color-2-color has-text-color has-link-color has-medium-font-size wp-elements-c9b152bf3a537d2a17fee04af7c61605\"><strong>Jeudi 7 ao\u00fbt 2025 &#8211; 20h30 &#8211; Eglise de Bessans<\/strong><\/p>\n\n\n\n<p><strong>Concert de cl\u00f4ture des Musicales de l\u2019Ouille All\u00e8gre<\/strong><\/p>\n\n\n\n<p class=\"has-ast-global-color-1-color has-text-color has-link-color wp-elements-163384188040707e21a305d924007d97\"><a href=\"https:\/\/ouilleallegre.fr\/index.php\/ensemble-la-piemontoise\/\" data-type=\"page\" data-id=\"220\">Ensemble La Pi\u00e9montoise<\/a><\/p>\n\n\n\n<p class=\"has-ast-global-color-3-color has-text-color has-link-color wp-elements-64dfddbe4b841d481060d7a64683d5a8\">\u00ab&nbsp;Bach et ses contemporains&nbsp;\u00bb<\/p>\n\n\n\n<p class=\"has-text-align-left has-ast-global-color-3-color has-text-color has-link-color wp-elements-66079c9116e5b399c22b0d7b046c3aab\" style=\"font-size:16px\">Claudine Desjardins-Cloutour, traverso<br>Anna Cavalli, clavecin<br>Dominique Desjardins, viole de gambe<\/p>\n\n\n\n<p>Programme europ\u00e9en pour ce concert de l\u2019Ensemble baroque La Pi\u00e9montoise. De Bach \u00e0 Corelli, en passant par Leclair et Haendel, sans oublier Telemann, Froberger, Buxtehude, un panorama des styles de musique de l\u2019\u00e9poque, si proches et si diff\u00e9rents.<\/p>\n\n\n\n<p><strong>Georg Friedrich HAENDEL&nbsp;<\/strong><br><em>\u00ab\u00a0Hallenser Sonaten\u00a0\u00bb<br>Sonate en mi mineur pour fl\u00fbte et basse continue HWV 375<\/em><\/p>\n\n\n\n<p><strong>Johann Jacob FROBERGER<\/strong><br><em>Plainte pour clavecin seul<\/em><\/p>\n\n\n\n<p><strong>Dietrich BUXTEHUDE<\/strong><br><em>Aria&nbsp;: Rofilis pour clavecin seul<\/em><\/p>\n\n\n\n<p><strong>Jean-Marie LECLAIR<\/strong><br><em>Sonate \u00e0 trois pour violon, viole de gambe et basse continue, op. 2, n\u00b0 8<\/em><\/p>\n\n\n\n<p><strong>Johann S\u00e9bastian BACH<\/strong><br><em>Sonate en trio n\u00b01 d\u2019apr\u00e8s la sonate pour orgue BWV 525<\/em><\/p>\n\n\n\n<p><strong>Georg Philipp TELEMANN<\/strong><br><em>Sonate en mi mineur pour viole de gambe et continuo, extraite des Essercizi musici<\/em><\/p>\n\n\n\n<p><strong>Arcangelo CORELLI<\/strong><br><em>Solos for a Flute and a Bass (transcription de l\u2019opus V \u00e9dit\u00e9e par John Walsh en 1711) : Sonata n\u00b02 en sol majeur<\/em><\/p>\n<\/div>\n\n\n\n<div class=\"wp-block-column is-layout-flow wp-block-column-is-layout-flow\"><\/div>\n\n\n\n<div class=\"wp-block-column is-layout-flow wp-block-column-is-layout-flow\" style=\"flex-basis:45%\">\n<figure class=\"wp-block-image alignfull size-full\"><img loading=\"lazy\" decoding=\"async\" width=\"2560\" height=\"1707\" src=\"http:\/\/ouilleallegre.fr\/wp-content\/uploads\/2025\/04\/30-juillet-Concert-scaled.jpg\" alt=\"\" class=\"wp-image-516\" srcset=\"https:\/\/ouilleallegre.fr\/wp-content\/uploads\/2025\/04\/30-juillet-Concert-scaled.jpg 2560w, https:\/\/ouilleallegre.fr\/wp-content\/uploads\/2025\/04\/30-juillet-Concert-300x200.jpg 300w, https:\/\/ouilleallegre.fr\/wp-content\/uploads\/2025\/04\/30-juillet-Concert-1024x683.jpg 1024w, https:\/\/ouilleallegre.fr\/wp-content\/uploads\/2025\/04\/30-juillet-Concert-768x512.jpg 768w, https:\/\/ouilleallegre.fr\/wp-content\/uploads\/2025\/04\/30-juillet-Concert-1536x1024.jpg 1536w\" sizes=\"auto, (max-width: 2560px) 100vw, 2560px\" \/><figcaption class=\"wp-element-caption\">30 juillet 2024 &#8211; Ensemble La Pi\u00e9montoise &#8211; \u00a9 Thomas Mussard<\/figcaption><\/figure>\n\n\n\n<p class=\"has-ast-global-color-3-color has-text-color has-link-color wp-elements-2b24d8abe1e1830849bf519968369816\"><span style=\"text-decoration: underline;\">Tarifs<\/span><br>Plein tarif : 18 \u20ac<br>Tarif r\u00e9duit (Etudiants, ch\u00f4meurs, adh\u00e9rents) : 14 \u20ac<br>Enfant (-12 ans) : gratuit<\/p>\n<\/div>\n<\/div>\n<\/div>\n<\/div><\/div>\n\n\n\n<div class=\"wp-block-columns is-layout-flex wp-container-core-columns-is-layout-28f84493 wp-block-columns-is-layout-flex\">\n<div class=\"wp-block-column is-layout-flow wp-block-column-is-layout-flow\">\n<div class=\"wp-block-buttons is-content-justification-center is-layout-flex wp-container-core-buttons-is-layout-a89b3969 wp-block-buttons-is-layout-flex\">\n<div class=\"wp-block-button\"><a class=\"wp-block-button__link wp-element-button\" href=\"https:\/\/www.helloasso.com\/associations\/rencontres-artistiques-de-l-ouille-allegre\/evenements\/musicales-de-l-ouille-allegre-2025\">Billetterie<\/a><\/div>\n<\/div>\n<\/div>\n<\/div>\n\n\n\n<p><\/p>\n","protected":false},"excerpt":{"rendered":"","protected":false},"author":1,"featured_media":0,"parent":0,"menu_order":0,"comment_status":"closed","ping_status":"closed","template":"","meta":{"site-sidebar-layout":"default","site-content-layout":"","ast-site-content-layout":"default","site-content-style":"default","site-sidebar-style":"default","ast-global-header-display":"","ast-banner-title-visibility":"","ast-main-header-display":"","ast-hfb-above-header-display":"","ast-hfb-below-header-display":"","ast-hfb-mobile-header-display":"","site-post-title":"","ast-breadcrumbs-content":"","ast-featured-img":"","footer-sml-layout":"","theme-transparent-header-meta":"","adv-header-id-meta":"","stick-header-meta":"","header-above-stick-meta":"","header-main-stick-meta":"","header-below-stick-meta":"","astra-migrate-meta-layouts":"default","ast-page-background-enabled":"default","ast-page-background-meta":{"desktop":{"background-color":"var(--ast-global-color-4)","background-image":"","background-repeat":"repeat","background-position":"center center","background-size":"auto","background-attachment":"scroll","background-type":"","background-media":"","overlay-type":"","overlay-color":"","overlay-opacity":"","overlay-gradient":""},"tablet":{"background-color":"","background-image":"","background-repeat":"repeat","background-position":"center center","background-size":"auto","background-attachment":"scroll","background-type":"","background-media":"","overlay-type":"","overlay-color":"","overlay-opacity":"","overlay-gradient":""},"mobile":{"background-color":"","background-image":"","background-repeat":"repeat","background-position":"center center","background-size":"auto","background-attachment":"scroll","background-type":"","background-media":"","overlay-type":"","overlay-color":"","overlay-opacity":"","overlay-gradient":""}},"ast-content-background-meta":{"desktop":{"background-color":"var(--ast-global-color-5)","background-image":"","background-repeat":"repeat","background-position":"center center","background-size":"auto","background-attachment":"scroll","background-type":"","background-media":"","overlay-type":"","overlay-color":"","overlay-opacity":"","overlay-gradient":""},"tablet":{"background-color":"var(--ast-global-color-5)","background-image":"","background-repeat":"repeat","background-position":"center center","background-size":"auto","background-attachment":"scroll","background-type":"","background-media":"","overlay-type":"","overlay-color":"","overlay-opacity":"","overlay-gradient":""},"mobile":{"background-color":"var(--ast-global-color-5)","background-image":"","background-repeat":"repeat","background-position":"center center","background-size":"auto","background-attachment":"scroll","background-type":"","background-media":"","overlay-type":"","overlay-color":"","overlay-opacity":"","overlay-gradient":""}},"footnotes":""},"class_list":["post-602","page","type-page","status-publish","hentry"],"yoast_head":"<!-- This site is optimized with the Yoast SEO plugin v26.2 - https:\/\/yoast.com\/wordpress\/plugins\/seo\/ -->\n<title>Programmation 2025 des Musicales de l&#039;Ouille All\u00e8gre<\/title>\n<meta name=\"description\" content=\"Programmation de la 2e \u00e9dition des Musicales de l&#039;Ouille All\u00e8gre \u00e0 Bessans et Bonneval-sur-Arc du 29 juillet au 7 ao\u00fbt 2025.\" \/>\n<meta name=\"robots\" content=\"index, follow, max-snippet:-1, max-image-preview:large, max-video-preview:-1\" \/>\n<link rel=\"canonical\" href=\"https:\/\/ouilleallegre.fr\/index.php\/programmation-2025\/\" \/>\n<meta property=\"og:locale\" content=\"fr_FR\" \/>\n<meta property=\"og:type\" content=\"article\" \/>\n<meta property=\"og:title\" content=\"Programmation 2025 des Musicales de l&#039;Ouille All\u00e8gre\" \/>\n<meta property=\"og:description\" content=\"Programmation de la 2e \u00e9dition des Musicales de l&#039;Ouille All\u00e8gre \u00e0 Bessans et Bonneval-sur-Arc du 29 juillet au 7 ao\u00fbt 2025.\" \/>\n<meta property=\"og:url\" content=\"https:\/\/ouilleallegre.fr\/index.php\/programmation-2025\/\" \/>\n<meta property=\"og:site_name\" content=\"Rencontres Artistiques de l&#039;Ouille All\u00e8gre\" \/>\n<meta property=\"article:modified_time\" content=\"2025-10-29T14:29:53+00:00\" \/>\n<meta property=\"og:image\" content=\"https:\/\/ouilleallegre.fr\/wp-content\/uploads\/2025\/06\/LA-PIEMONTOISE-022.jpg\" \/>\n<meta name=\"twitter:card\" content=\"summary_large_image\" \/>\n<meta name=\"twitter:label1\" content=\"Dur\u00e9e de lecture estim\u00e9e\" \/>\n\t<meta name=\"twitter:data1\" content=\"8 minutes\" \/>\n<script type=\"application\/ld+json\" class=\"yoast-schema-graph\">{\"@context\":\"https:\/\/schema.org\",\"@graph\":[{\"@type\":\"WebPage\",\"@id\":\"https:\/\/ouilleallegre.fr\/index.php\/programmation-2025\/\",\"url\":\"https:\/\/ouilleallegre.fr\/index.php\/programmation-2025\/\",\"name\":\"Programmation 2025 des Musicales de l'Ouille All\u00e8gre\",\"isPartOf\":{\"@id\":\"https:\/\/ouilleallegre.fr\/#website\"},\"primaryImageOfPage\":{\"@id\":\"https:\/\/ouilleallegre.fr\/index.php\/programmation-2025\/#primaryimage\"},\"image\":{\"@id\":\"https:\/\/ouilleallegre.fr\/index.php\/programmation-2025\/#primaryimage\"},\"thumbnailUrl\":\"https:\/\/ouilleallegre.fr\/wp-content\/uploads\/2025\/06\/LA-PIEMONTOISE-022.jpg\",\"datePublished\":\"2025-06-09T15:51:32+00:00\",\"dateModified\":\"2025-10-29T14:29:53+00:00\",\"description\":\"Programmation de la 2e \u00e9dition des Musicales de l'Ouille All\u00e8gre \u00e0 Bessans et Bonneval-sur-Arc du 29 juillet au 7 ao\u00fbt 2025.\",\"breadcrumb\":{\"@id\":\"https:\/\/ouilleallegre.fr\/index.php\/programmation-2025\/#breadcrumb\"},\"inLanguage\":\"fr-FR\",\"potentialAction\":[{\"@type\":\"ReadAction\",\"target\":[\"https:\/\/ouilleallegre.fr\/index.php\/programmation-2025\/\"]}]},{\"@type\":\"ImageObject\",\"inLanguage\":\"fr-FR\",\"@id\":\"https:\/\/ouilleallegre.fr\/index.php\/programmation-2025\/#primaryimage\",\"url\":\"https:\/\/ouilleallegre.fr\/wp-content\/uploads\/2025\/06\/LA-PIEMONTOISE-022.jpg\",\"contentUrl\":\"https:\/\/ouilleallegre.fr\/wp-content\/uploads\/2025\/06\/LA-PIEMONTOISE-022.jpg\",\"width\":2500,\"height\":1669},{\"@type\":\"BreadcrumbList\",\"@id\":\"https:\/\/ouilleallegre.fr\/index.php\/programmation-2025\/#breadcrumb\",\"itemListElement\":[{\"@type\":\"ListItem\",\"position\":1,\"name\":\"Accueil\",\"item\":\"https:\/\/ouilleallegre.fr\/\"},{\"@type\":\"ListItem\",\"position\":2,\"name\":\"Programmation 2025\"}]},{\"@type\":\"WebSite\",\"@id\":\"https:\/\/ouilleallegre.fr\/#website\",\"url\":\"https:\/\/ouilleallegre.fr\/\",\"name\":\"Rencontres Artistiques de l'Ouille All\u00e8gre\",\"description\":\"\",\"publisher\":{\"@id\":\"https:\/\/ouilleallegre.fr\/#organization\"},\"potentialAction\":[{\"@type\":\"SearchAction\",\"target\":{\"@type\":\"EntryPoint\",\"urlTemplate\":\"https:\/\/ouilleallegre.fr\/?s={search_term_string}\"},\"query-input\":{\"@type\":\"PropertyValueSpecification\",\"valueRequired\":true,\"valueName\":\"search_term_string\"}}],\"inLanguage\":\"fr-FR\"},{\"@type\":\"Organization\",\"@id\":\"https:\/\/ouilleallegre.fr\/#organization\",\"name\":\"Rencontres Artistiques de l'Ouille All\u00e8gre\",\"url\":\"https:\/\/ouilleallegre.fr\/\",\"logo\":{\"@type\":\"ImageObject\",\"inLanguage\":\"fr-FR\",\"@id\":\"https:\/\/ouilleallegre.fr\/#\/schema\/logo\/image\/\",\"url\":\"https:\/\/ouilleallegre.fr\/wp-content\/uploads\/2024\/06\/Logo_OuilleAllegre_VersionSiteInternet_FondTransparent.png\",\"contentUrl\":\"https:\/\/ouilleallegre.fr\/wp-content\/uploads\/2024\/06\/Logo_OuilleAllegre_VersionSiteInternet_FondTransparent.png\",\"width\":1000,\"height\":375,\"caption\":\"Rencontres Artistiques de l'Ouille All\u00e8gre\"},\"image\":{\"@id\":\"https:\/\/ouilleallegre.fr\/#\/schema\/logo\/image\/\"},\"sameAs\":[\"https:\/\/www.instagram.com\/rencontres_ouille_allegre\/\"]}]}<\/script>\n<!-- \/ Yoast SEO plugin. -->","yoast_head_json":{"title":"Programmation 2025 des Musicales de l'Ouille All\u00e8gre","description":"Programmation de la 2e \u00e9dition des Musicales de l'Ouille All\u00e8gre \u00e0 Bessans et Bonneval-sur-Arc du 29 juillet au 7 ao\u00fbt 2025.","robots":{"index":"index","follow":"follow","max-snippet":"max-snippet:-1","max-image-preview":"max-image-preview:large","max-video-preview":"max-video-preview:-1"},"canonical":"https:\/\/ouilleallegre.fr\/index.php\/programmation-2025\/","og_locale":"fr_FR","og_type":"article","og_title":"Programmation 2025 des Musicales de l'Ouille All\u00e8gre","og_description":"Programmation de la 2e \u00e9dition des Musicales de l'Ouille All\u00e8gre \u00e0 Bessans et Bonneval-sur-Arc du 29 juillet au 7 ao\u00fbt 2025.","og_url":"https:\/\/ouilleallegre.fr\/index.php\/programmation-2025\/","og_site_name":"Rencontres Artistiques de l&#039;Ouille All\u00e8gre","article_modified_time":"2025-10-29T14:29:53+00:00","og_image":[{"url":"https:\/\/ouilleallegre.fr\/wp-content\/uploads\/2025\/06\/LA-PIEMONTOISE-022.jpg","type":"","width":"","height":""}],"twitter_card":"summary_large_image","twitter_misc":{"Dur\u00e9e de lecture estim\u00e9e":"8 minutes"},"schema":{"@context":"https:\/\/schema.org","@graph":[{"@type":"WebPage","@id":"https:\/\/ouilleallegre.fr\/index.php\/programmation-2025\/","url":"https:\/\/ouilleallegre.fr\/index.php\/programmation-2025\/","name":"Programmation 2025 des Musicales de l'Ouille All\u00e8gre","isPartOf":{"@id":"https:\/\/ouilleallegre.fr\/#website"},"primaryImageOfPage":{"@id":"https:\/\/ouilleallegre.fr\/index.php\/programmation-2025\/#primaryimage"},"image":{"@id":"https:\/\/ouilleallegre.fr\/index.php\/programmation-2025\/#primaryimage"},"thumbnailUrl":"https:\/\/ouilleallegre.fr\/wp-content\/uploads\/2025\/06\/LA-PIEMONTOISE-022.jpg","datePublished":"2025-06-09T15:51:32+00:00","dateModified":"2025-10-29T14:29:53+00:00","description":"Programmation de la 2e \u00e9dition des Musicales de l'Ouille All\u00e8gre \u00e0 Bessans et Bonneval-sur-Arc du 29 juillet au 7 ao\u00fbt 2025.","breadcrumb":{"@id":"https:\/\/ouilleallegre.fr\/index.php\/programmation-2025\/#breadcrumb"},"inLanguage":"fr-FR","potentialAction":[{"@type":"ReadAction","target":["https:\/\/ouilleallegre.fr\/index.php\/programmation-2025\/"]}]},{"@type":"ImageObject","inLanguage":"fr-FR","@id":"https:\/\/ouilleallegre.fr\/index.php\/programmation-2025\/#primaryimage","url":"https:\/\/ouilleallegre.fr\/wp-content\/uploads\/2025\/06\/LA-PIEMONTOISE-022.jpg","contentUrl":"https:\/\/ouilleallegre.fr\/wp-content\/uploads\/2025\/06\/LA-PIEMONTOISE-022.jpg","width":2500,"height":1669},{"@type":"BreadcrumbList","@id":"https:\/\/ouilleallegre.fr\/index.php\/programmation-2025\/#breadcrumb","itemListElement":[{"@type":"ListItem","position":1,"name":"Accueil","item":"https:\/\/ouilleallegre.fr\/"},{"@type":"ListItem","position":2,"name":"Programmation 2025"}]},{"@type":"WebSite","@id":"https:\/\/ouilleallegre.fr\/#website","url":"https:\/\/ouilleallegre.fr\/","name":"Rencontres Artistiques de l'Ouille All\u00e8gre","description":"","publisher":{"@id":"https:\/\/ouilleallegre.fr\/#organization"},"potentialAction":[{"@type":"SearchAction","target":{"@type":"EntryPoint","urlTemplate":"https:\/\/ouilleallegre.fr\/?s={search_term_string}"},"query-input":{"@type":"PropertyValueSpecification","valueRequired":true,"valueName":"search_term_string"}}],"inLanguage":"fr-FR"},{"@type":"Organization","@id":"https:\/\/ouilleallegre.fr\/#organization","name":"Rencontres Artistiques de l'Ouille All\u00e8gre","url":"https:\/\/ouilleallegre.fr\/","logo":{"@type":"ImageObject","inLanguage":"fr-FR","@id":"https:\/\/ouilleallegre.fr\/#\/schema\/logo\/image\/","url":"https:\/\/ouilleallegre.fr\/wp-content\/uploads\/2024\/06\/Logo_OuilleAllegre_VersionSiteInternet_FondTransparent.png","contentUrl":"https:\/\/ouilleallegre.fr\/wp-content\/uploads\/2024\/06\/Logo_OuilleAllegre_VersionSiteInternet_FondTransparent.png","width":1000,"height":375,"caption":"Rencontres Artistiques de l'Ouille All\u00e8gre"},"image":{"@id":"https:\/\/ouilleallegre.fr\/#\/schema\/logo\/image\/"},"sameAs":["https:\/\/www.instagram.com\/rencontres_ouille_allegre\/"]}]}},"_links":{"self":[{"href":"https:\/\/ouilleallegre.fr\/index.php\/wp-json\/wp\/v2\/pages\/602","targetHints":{"allow":["GET"]}}],"collection":[{"href":"https:\/\/ouilleallegre.fr\/index.php\/wp-json\/wp\/v2\/pages"}],"about":[{"href":"https:\/\/ouilleallegre.fr\/index.php\/wp-json\/wp\/v2\/types\/page"}],"author":[{"embeddable":true,"href":"https:\/\/ouilleallegre.fr\/index.php\/wp-json\/wp\/v2\/users\/1"}],"replies":[{"embeddable":true,"href":"https:\/\/ouilleallegre.fr\/index.php\/wp-json\/wp\/v2\/comments?post=602"}],"version-history":[{"count":33,"href":"https:\/\/ouilleallegre.fr\/index.php\/wp-json\/wp\/v2\/pages\/602\/revisions"}],"predecessor-version":[{"id":772,"href":"https:\/\/ouilleallegre.fr\/index.php\/wp-json\/wp\/v2\/pages\/602\/revisions\/772"}],"wp:attachment":[{"href":"https:\/\/ouilleallegre.fr\/index.php\/wp-json\/wp\/v2\/media?parent=602"}],"curies":[{"name":"wp","href":"https:\/\/api.w.org\/{rel}","templated":true}]}}