{"id":42,"date":"2024-05-26T18:45:38","date_gmt":"2024-05-26T16:45:38","guid":{"rendered":"https:\/\/ouilleallegre.fr\/?page_id=42"},"modified":"2025-10-29T15:31:32","modified_gmt":"2025-10-29T14:31:32","slug":"programmation-2024","status":"publish","type":"page","link":"https:\/\/ouilleallegre.fr\/index.php\/programmation-2024\/","title":{"rendered":"Programmation 2024"},"content":{"rendered":"\n<div class=\"wp-block-cover alignfull is-light\" style=\"min-height:211px;aspect-ratio:unset;\"><span aria-hidden=\"true\" class=\"wp-block-cover__background has-nv-light-bg-background-color has-background-dim-0 has-background-dim\"><\/span><div class=\"wp-block-cover__inner-container is-layout-flow wp-block-cover-is-layout-flow\">\n<div class=\"wp-block-group is-layout-flow wp-block-group-is-layout-flow\">\n<div class=\"wp-block-columns is-layout-flex wp-container-core-columns-is-layout-28f84493 wp-block-columns-is-layout-flex\">\n<div class=\"wp-block-column has-ast-global-color-3-color has-text-color has-link-color wp-elements-17082a8efb905521342d88fa650a7070 is-layout-flow wp-block-column-is-layout-flow\" style=\"flex-basis:100%\">\n<p class=\"has-ast-global-color-2-color has-text-color has-link-color wp-elements-f7e6e158ae2d1721e00ea290261bc1ea\"><strong>Jeudi 25 juillet 2024 &#8211; 18h &#8211; Eglise de Bonneval-sur-Arc<\/strong><\/p>\n\n\n\n<p class=\"has-ast-global-color-3-color has-text-color has-link-color wp-elements-5b1f82ef763e52e3997d6e6d4b27a21d\">Cl\u00e9s d&rsquo;\u00e9coute (Entr\u00e9e libre)<\/p>\n\n\n\n<p class=\"has-text-align-left has-ast-global-color-3-color has-text-color has-link-color wp-elements-e601a24b376b5c989fb2b9df208363a1\" style=\"font-size:16px\">En avant-concert, les musiciens pr\u00e9sentent eux-m\u00eames le concert de 20h30. En termes simples ils situent les \u0153uvres dans leur contexte historique, jouent des extraits repr\u00e9sentatifs, pr\u00e9sentent leurs instruments, r\u00e9pondent aux questions\u2026<\/p>\n<\/div>\n<\/div>\n<\/div>\n<\/div><\/div>\n\n\n\n<div class=\"wp-block-cover alignfull is-light\" style=\"min-height:519px;aspect-ratio:unset;\"><span aria-hidden=\"true\" class=\"wp-block-cover__background has-nv-light-bg-background-color has-background-dim-0 has-background-dim\"><\/span><div class=\"wp-block-cover__inner-container is-layout-flow wp-block-cover-is-layout-flow\">\n<div class=\"wp-block-group is-layout-flow wp-block-group-is-layout-flow\">\n<div class=\"wp-block-columns is-layout-flex wp-container-core-columns-is-layout-28f84493 wp-block-columns-is-layout-flex\">\n<div class=\"wp-block-column is-layout-flow wp-block-column-is-layout-flow\" style=\"flex-basis:45%\">\n<figure class=\"wp-block-image alignfull size-full\"><img loading=\"lazy\" decoding=\"async\" width=\"2111\" height=\"1775\" src=\"https:\/\/ouilleallegre.fr\/wp-content\/uploads\/2024\/06\/P1130324-copie-1.jpg\" alt=\"\" class=\"wp-image-312\" srcset=\"https:\/\/ouilleallegre.fr\/wp-content\/uploads\/2024\/06\/P1130324-copie-1.jpg 2111w, https:\/\/ouilleallegre.fr\/wp-content\/uploads\/2024\/06\/P1130324-copie-1-300x252.jpg 300w, https:\/\/ouilleallegre.fr\/wp-content\/uploads\/2024\/06\/P1130324-copie-1-1024x861.jpg 1024w, https:\/\/ouilleallegre.fr\/wp-content\/uploads\/2024\/06\/P1130324-copie-1-768x646.jpg 768w, https:\/\/ouilleallegre.fr\/wp-content\/uploads\/2024\/06\/P1130324-copie-1-1536x1292.jpg 1536w, https:\/\/ouilleallegre.fr\/wp-content\/uploads\/2024\/06\/P1130324-copie-1-2048x1722.jpg 2048w\" sizes=\"auto, (max-width: 2111px) 100vw, 2111px\" \/><\/figure>\n\n\n\n<p class=\"has-ast-global-color-3-color has-text-color has-link-color wp-elements-0a4740766231383a67faf13c853af143\">Tarifs<br>Plein tarif : 18 \u20ac, Adh\u00e9rent : 14 \u20ac, Enfant (-16 ans) : 12 \u20ac, Pass 2 concerts : 32\u20ac<\/p>\n<\/div>\n\n\n\n<div class=\"wp-block-column has-ast-global-color-3-color has-text-color has-link-color wp-elements-62659f857d0c7a2cd0b88b949ef3a861 is-layout-flow wp-block-column-is-layout-flow\" style=\"flex-basis:60%\">\n<p class=\"has-ast-global-color-2-color has-text-color has-link-color wp-elements-6913bad2063ddcb5ddaf5744d1d1574f\"><strong>Jeudi 25 juillet 2024 &#8211; 20h30 &#8211; Eglise de Bonneval-sur-Arc<\/strong><\/p>\n\n\n\n<p class=\"has-ast-global-color-1-color has-text-color has-link-color wp-elements-163384188040707e21a305d924007d97\"><a href=\"https:\/\/ouilleallegre.fr\/index.php\/ensemble-la-piemontoise\/\" data-type=\"page\" data-id=\"220\">Ensemble La Pi\u00e9montoise<\/a><\/p>\n\n\n\n<p class=\"has-text-align-left has-ast-global-color-3-color has-text-color has-link-color wp-elements-0afd892a5053888fd55d2263df5ab91c\" style=\"font-size:16px\">Concert de musique fran\u00e7aise des si\u00e8cles XVII<sup>e<\/sup> et XVIII<sup>e<\/sup><\/p>\n\n\n\n<p class=\"has-ast-global-color-3-color has-text-color has-link-color wp-elements-fa8fcdaf29644f0c0483afb5cef2f3a0\">\u0152uvres de F. Couperin, M. Marais, J-M. Hotteterre, J.Ph. Rameau\u2026<\/p>\n\n\n\n<p class=\"has-ast-global-color-3-color has-text-color has-link-color wp-elements-220504b17baa450dee47b1fe653245ea\">Le choix de ce programme est n\u00e9 de l\u2019envie de se plonger, le temps d\u2019un concert, dans l\u2019imaginaire qui a caract\u00e9ris\u00e9 toute la tradition musicale fran\u00e7aise de cette \u00e9poque et, par la suite, jusqu\u2019\u00e0 celle de Debussy et au-del\u00e0.<br>Les titres des pi\u00e8ces sont souvent imag\u00e9s et les sources d\u2019inspiration sont d\u00e9crites par la musique par touches de couleurs : ici, des danses (allemande, sarabande, courante, gigue\u2026) avec leurs rythmes particuliers ; l\u00e0, des \u00e9vocations de lieux (la Pi\u00e9montoise, le Proven\u00e7al\u2026) ou de cloches d\u2019\u00e9glise (La Sonnerie de Sainte Genevi\u00e8ve du Mont de Paris), ou de personnages (la Marais), des \u00e9motions (l\u2019Afflig\u00e9, Air tendre\u2026), des impressions.<br>Les compositeurs choisis \u00e9taient tr\u00e8s connus \u00e0 leur \u00e9poque et composaient pour la cour du roi : Fran\u00e7ois Couperin dit \u00ab le Grand \u00bb et son oncle Louis, Michel Corrette, Jean Philippe Rameau, Marin Marais et d\u2019autres musiciens moins connus de nos jours, que l\u2019Ensemble La Pi\u00e9montoise vous propose de d\u00e9couvrir \u00e0 cette occasion.<\/p>\n<\/div>\n<\/div>\n<\/div>\n<\/div><\/div>\n\n\n\n<div class=\"wp-block-cover alignfull is-light\" style=\"min-height:519px;aspect-ratio:unset;\"><span aria-hidden=\"true\" class=\"wp-block-cover__background has-nv-light-bg-background-color has-background-dim-0 has-background-dim\"><\/span><div class=\"wp-block-cover__inner-container is-layout-flow wp-block-cover-is-layout-flow\">\n<div class=\"wp-block-group is-layout-flow wp-block-group-is-layout-flow\">\n<div class=\"wp-block-columns is-layout-flex wp-container-core-columns-is-layout-28f84493 wp-block-columns-is-layout-flex\">\n<div class=\"wp-block-column is-layout-flow wp-block-column-is-layout-flow\" style=\"flex-basis:45%\">\n<figure class=\"wp-block-image alignfull size-full\"><img loading=\"lazy\" decoding=\"async\" width=\"1704\" height=\"1391\" src=\"https:\/\/ouilleallegre.fr\/wp-content\/uploads\/2024\/06\/Sans-titre-3-violes.jpg\" alt=\"\" class=\"wp-image-316\" srcset=\"https:\/\/ouilleallegre.fr\/wp-content\/uploads\/2024\/06\/Sans-titre-3-violes.jpg 1704w, https:\/\/ouilleallegre.fr\/wp-content\/uploads\/2024\/06\/Sans-titre-3-violes-300x245.jpg 300w, https:\/\/ouilleallegre.fr\/wp-content\/uploads\/2024\/06\/Sans-titre-3-violes-1024x836.jpg 1024w, https:\/\/ouilleallegre.fr\/wp-content\/uploads\/2024\/06\/Sans-titre-3-violes-768x627.jpg 768w, https:\/\/ouilleallegre.fr\/wp-content\/uploads\/2024\/06\/Sans-titre-3-violes-1536x1254.jpg 1536w\" sizes=\"auto, (max-width: 1704px) 100vw, 1704px\" \/><\/figure>\n\n\n\n<p class=\"has-ast-global-color-3-color has-text-color has-link-color wp-elements-0a4740766231383a67faf13c853af143\">Tarifs<br>Plein tarif : 18 \u20ac, Adh\u00e9rent : 14 \u20ac, Enfant (-16 ans) : 12 \u20ac, Pass 2 concerts : 32\u20ac<\/p>\n<\/div>\n\n\n\n<div class=\"wp-block-column is-layout-flow wp-block-column-is-layout-flow\"><\/div>\n\n\n\n<div class=\"wp-block-column has-ast-global-color-3-color has-text-color has-link-color wp-elements-758fd844fa65db141e43a8da1f8e8240 is-layout-flow wp-block-column-is-layout-flow\" style=\"flex-basis:60%\">\n<p class=\"has-ast-global-color-2-color has-text-color has-link-color wp-elements-de80d9b65056f8ba263756bb7cd6157f\"><strong>Vendredi 26 juillet 2024 &#8211; 17h30 &#8211; Eglise de Bessans<\/strong><\/p>\n\n\n\n<p class=\"has-ast-global-color-1-color has-text-color has-link-color wp-elements-a8c6e13ec16eafb54f7a1049846ad806\"><a href=\"https:\/\/ouilleallegre.fr\/index.php\/consort-hexacorde\/\" data-type=\"page\" data-id=\"237\">Consort Hexacorde &#8211; Ensemble de violes de gambe<\/a><\/p>\n\n\n\n<p class=\"has-text-align-left has-ast-global-color-3-color has-text-color has-link-color wp-elements-41b9efd01772f52253fb1033b6dc81d0\" style=\"font-size:16px\">\u00ab\u00a0\u00c0 une, deux ou trois violes !\u00a0\u00bb<\/p>\n\n\n\n<p class=\"has-ast-global-color-3-color has-text-color has-link-color wp-elements-02b827f00dbbe81873084873bedb1d2d\">\u0152uvres de Sainte-Colombe, M. Marais, Ch. Simpson \u2026<\/p>\n\n\n\n<p class=\"has-text-align-left has-ast-global-color-3-color has-text-color has-link-color wp-elements-cd73091dce18fd1917043a5ab227f21e\" style=\"font-size:16px\">Les membres du Consort Hexacorde interpr\u00e8tent entre autres \u0153uvres \u00ab La R\u00e9veuse \u00bb et \u00ab L\u2019Arabesque \u00bb de Marin Marais, et \u00ab Le retour \u00bb de M. de Sainte-Colombe.<br>Pendant une heure, plongez dans l\u2019univers sonore de la viole de gambe, instrument qui avait disparu des sc\u00e8nes musicales pendant tout le XIXe si\u00e8cle et a \u00e9t\u00e9 remis \u00e0 l\u2019honneur dans la deuxi\u00e8me moiti\u00e9 de XXe, en partie gr\u00e2ce au film d\u2019Alain Corneau, \u00ab\u00a0Tous les matins du monde\u00a0\u00bb, dans lequel il met en sc\u00e8ne les inoubliables Jean-Pierre Marielle en M. de Sainte-Colombe et Guillaume Depardieu en jeune Marin Marais.<\/p>\n<\/div>\n<\/div>\n<\/div>\n<\/div><\/div>\n\n\n\n<div class=\"wp-block-cover alignfull is-light\" style=\"min-height:261px;aspect-ratio:unset;\"><span aria-hidden=\"true\" class=\"wp-block-cover__background has-nv-light-bg-background-color has-background-dim-0 has-background-dim\"><\/span><div class=\"wp-block-cover__inner-container is-layout-flow wp-block-cover-is-layout-flow\">\n<div class=\"wp-block-group is-layout-flow wp-block-group-is-layout-flow\">\n<div class=\"wp-block-columns is-layout-flex wp-container-core-columns-is-layout-28f84493 wp-block-columns-is-layout-flex\">\n<div class=\"wp-block-column has-ast-global-color-3-color has-text-color has-link-color wp-elements-66645ccc9974ae33881ef556acdf3912 is-layout-flow wp-block-column-is-layout-flow\" style=\"flex-basis:100%\">\n<p class=\"has-ast-global-color-2-color has-text-color has-link-color wp-elements-5df0af46160f74600cbfc76fe367d2ea\"><strong>Lundi 29 juillet 2024 &#8211; 18h &#8211; Eglise de Bonneval-sur-Arc<\/strong><\/p>\n\n\n\n<p class=\"has-ast-global-color-3-color has-text-color has-link-color wp-elements-5b1f82ef763e52e3997d6e6d4b27a21d\">Cl\u00e9s d&rsquo;\u00e9coute (Entr\u00e9e libre)<\/p>\n\n\n\n<p class=\"has-text-align-left has-ast-global-color-3-color has-text-color has-link-color wp-elements-e601a24b376b5c989fb2b9df208363a1\" style=\"font-size:16px\">En avant-concert, les musiciens pr\u00e9sentent eux-m\u00eames le concert de 20h30. En termes simples ils situent les \u0153uvres dans leur contexte historique, jouent des extraits repr\u00e9sentatifs, pr\u00e9sentent leurs instruments, r\u00e9pondent aux questions\u2026<\/p>\n<\/div>\n<\/div>\n<\/div>\n<\/div><\/div>\n\n\n\n<div class=\"wp-block-cover alignfull is-light\" style=\"min-height:519px;aspect-ratio:unset;\"><span aria-hidden=\"true\" class=\"wp-block-cover__background has-nv-light-bg-background-color has-background-dim-0 has-background-dim\"><\/span><div class=\"wp-block-cover__inner-container is-layout-flow wp-block-cover-is-layout-flow\">\n<div class=\"wp-block-group is-layout-flow wp-block-group-is-layout-flow\">\n<div class=\"wp-block-columns is-layout-flex wp-container-core-columns-is-layout-28f84493 wp-block-columns-is-layout-flex\">\n<div class=\"wp-block-column is-layout-flow wp-block-column-is-layout-flow\" style=\"flex-basis:45%\">\n<figure class=\"wp-block-image alignfull size-full\"><img loading=\"lazy\" decoding=\"async\" width=\"2560\" height=\"1920\" src=\"http:\/\/ouilleallegre.fr\/wp-content\/uploads\/2024\/06\/IMG_0897-copie-scaled.jpg\" alt=\"\" class=\"wp-image-231\" srcset=\"https:\/\/ouilleallegre.fr\/wp-content\/uploads\/2024\/06\/IMG_0897-copie-scaled.jpg 2560w, https:\/\/ouilleallegre.fr\/wp-content\/uploads\/2024\/06\/IMG_0897-copie-300x225.jpg 300w, https:\/\/ouilleallegre.fr\/wp-content\/uploads\/2024\/06\/IMG_0897-copie-1024x768.jpg 1024w, https:\/\/ouilleallegre.fr\/wp-content\/uploads\/2024\/06\/IMG_0897-copie-768x576.jpg 768w, https:\/\/ouilleallegre.fr\/wp-content\/uploads\/2024\/06\/IMG_0897-copie-1536x1152.jpg 1536w, https:\/\/ouilleallegre.fr\/wp-content\/uploads\/2024\/06\/IMG_0897-copie-2048x1536.jpg 2048w\" sizes=\"auto, (max-width: 2560px) 100vw, 2560px\" \/><\/figure>\n\n\n\n<p class=\"has-ast-global-color-3-color has-text-color has-link-color wp-elements-0a4740766231383a67faf13c853af143\">Tarifs<br>Plein tarif : 18 \u20ac, Adh\u00e9rent : 14 \u20ac, Enfant (-16 ans) : 12 \u20ac, Pass 2 concerts : 32\u20ac<\/p>\n<\/div>\n\n\n\n<div class=\"wp-block-column is-layout-flow wp-block-column-is-layout-flow\"><\/div>\n\n\n\n<div class=\"wp-block-column has-ast-global-color-3-color has-text-color has-link-color wp-elements-5f765df767d4d0696d1c118e014303ef is-layout-flow wp-block-column-is-layout-flow\" style=\"flex-basis:60%\">\n<p class=\"has-ast-global-color-2-color has-text-color has-link-color wp-elements-c548690838d2c9f643ee2a1701776bec\"><strong>Lundi 29 juillet 2024 &#8211; 20h30 &#8211; Eglise de Bonneval-sur-Arc<\/strong><\/p>\n\n\n\n<p class=\"has-ast-global-color-1-color has-text-color has-link-color wp-elements-a8c6e13ec16eafb54f7a1049846ad806\"><a href=\"https:\/\/ouilleallegre.fr\/index.php\/consort-hexacorde\/\" data-type=\"page\" data-id=\"237\">Consort Hexacorde &#8211; Ensemble de violes de gambe<\/a><\/p>\n\n\n\n<p class=\"has-ast-global-color-3-color has-text-color has-link-color wp-elements-b160220bbec9c7f162932c5eb5e5089b\">\u00ab&nbsp;De la polyphonie \u00e0 la sonate en Europe&nbsp;\u00bb<\/p>\n\n\n\n<p class=\"has-text-align-left has-ast-global-color-3-color has-text-color has-link-color wp-elements-8e2916098c3fed4b841bf97e7e5f4441\" style=\"font-size:16px\">\u0152uvres de O. Gibbons, A. Ferrabosco, H. Purcell, M-A. Charpentier \u2026<\/p>\n\n\n\n<p class=\"has-text-align-left has-ast-global-color-3-color has-text-color has-link-color wp-elements-1d7a153e0cce48e240b29e1247ce8897\" style=\"font-size:16px\">Un consort est un ensemble d\u2019instruments souvent de la m\u00eame famille ayant des tessitures diff\u00e9rentes.<br>Parfois ce sont des instruments de familles vari\u00e9es, on parle alors de broken consort.<br>Le \u00ab Consort Hexacorde \u00bb est un ensemble de violes de gambe de tailles diff\u00e9rentes. Ses membres pratiquent ensemble depuis des ann\u00e9es pour le public mais parfois pour leur seul plaisir, comme cela se pratiquait \u00e0 la Cour d\u2019Elisabeth d\u2019Angleterre ou dans les milieux bourgeois de l\u2019\u00e9poque. C\u2019est ce plaisir unique du son d\u2019un consort de violes qu\u2019ils partagent avec vous pour ce concert.<br>Le Consort Hexacorde tire son nom des Fantasias on the Hexachord de Ferrabosco le jeune (c. 1575 \u2013 1628), terme qui d\u00e9signe la suite de 6 notes : Ut, R\u00e9, Mi, Fa, Sol, La. Le compositeur utilise cette suite comme Cantus Firmus transpos\u00e9 de demi-ton en demi-ton, pour cr\u00e9er une polyphonie qui nous fait voyager dans le cycle des quintes et la musique des sph\u00e8res : une construction polyphonique \u00e0 la fois intellectuelle, savoureuse et facile \u00e0 \u00e9couter.<br>Autres \u0153uvres au programme, les fameuses Fantaisies d\u2019Henry Purcell et d\u2019Orlando Gibbons, des chorals de Jean-S\u00e9bastien Bach et un Concert de Marc-Antoine Charpentier dont le nom \u00e9voquera \u00e0 certains le c\u00e9l\u00e8bre indicatif de l\u2019Eurovision.<\/p>\n<\/div>\n<\/div>\n<\/div>\n<\/div><\/div>\n\n\n\n<div class=\"wp-block-cover alignfull is-light\" style=\"min-height:261px;aspect-ratio:unset;\"><span aria-hidden=\"true\" class=\"wp-block-cover__background has-nv-light-bg-background-color has-background-dim-0 has-background-dim\"><\/span><div class=\"wp-block-cover__inner-container is-layout-flow wp-block-cover-is-layout-flow\">\n<div class=\"wp-block-group is-layout-flow wp-block-group-is-layout-flow\">\n<div class=\"wp-block-columns is-layout-flex wp-container-core-columns-is-layout-28f84493 wp-block-columns-is-layout-flex\">\n<div class=\"wp-block-column has-ast-global-color-3-color has-text-color has-link-color wp-elements-07c8f856696cd2ebe5f96c6c66d7eee2 is-layout-flow wp-block-column-is-layout-flow\" style=\"flex-basis:100%\">\n<p class=\"has-ast-global-color-2-color has-text-color has-link-color wp-elements-37737c8ded84102379b91c47221ecaac\"><strong>Mardi 30 juillet 2024 &#8211; 18h &#8211; Eglise de Bessans<\/strong><\/p>\n\n\n\n<p class=\"has-ast-global-color-3-color has-text-color has-link-color wp-elements-5b1f82ef763e52e3997d6e6d4b27a21d\">Cl\u00e9s d&rsquo;\u00e9coute (Entr\u00e9e libre)<\/p>\n\n\n\n<p class=\"has-text-align-left has-ast-global-color-3-color has-text-color has-link-color wp-elements-e601a24b376b5c989fb2b9df208363a1\" style=\"font-size:16px\">En avant-concert, les musiciens pr\u00e9sentent eux-m\u00eames le concert de 20h30. En termes simples ils situent les \u0153uvres dans leur contexte historique, jouent des extraits repr\u00e9sentatifs, pr\u00e9sentent leurs instruments, r\u00e9pondent aux questions\u2026<\/p>\n<\/div>\n<\/div>\n<\/div>\n<\/div><\/div>\n\n\n\n<div class=\"wp-block-cover alignfull is-light\" style=\"min-height:586px;aspect-ratio:unset;\"><span aria-hidden=\"true\" class=\"wp-block-cover__background has-nv-light-bg-background-color has-background-dim-0 has-background-dim\"><\/span><div class=\"wp-block-cover__inner-container is-layout-flow wp-block-cover-is-layout-flow\">\n<div class=\"wp-block-group is-layout-flow wp-block-group-is-layout-flow\">\n<div class=\"wp-block-columns is-layout-flex wp-container-core-columns-is-layout-28f84493 wp-block-columns-is-layout-flex\">\n<div class=\"wp-block-column is-layout-flow wp-block-column-is-layout-flow\" style=\"flex-basis:45%\">\n<figure class=\"wp-block-image alignfull size-full\"><img loading=\"lazy\" decoding=\"async\" width=\"1438\" height=\"1080\" src=\"https:\/\/ouilleallegre.fr\/wp-content\/uploads\/2024\/06\/Ensemble-La-Piemontoise.jpg\" alt=\"\" class=\"wp-image-140\" srcset=\"https:\/\/ouilleallegre.fr\/wp-content\/uploads\/2024\/06\/Ensemble-La-Piemontoise.jpg 1438w, https:\/\/ouilleallegre.fr\/wp-content\/uploads\/2024\/06\/Ensemble-La-Piemontoise-300x225.jpg 300w, https:\/\/ouilleallegre.fr\/wp-content\/uploads\/2024\/06\/Ensemble-La-Piemontoise-1024x769.jpg 1024w, https:\/\/ouilleallegre.fr\/wp-content\/uploads\/2024\/06\/Ensemble-La-Piemontoise-768x577.jpg 768w\" sizes=\"auto, (max-width: 1438px) 100vw, 1438px\" \/><\/figure>\n\n\n\n<p class=\"has-ast-global-color-3-color has-text-color has-link-color wp-elements-0a4740766231383a67faf13c853af143\">Tarifs<br>Plein tarif : 18 \u20ac, Adh\u00e9rent : 14 \u20ac, Enfant (-16 ans) : 12 \u20ac, Pass 2 concerts : 32\u20ac<\/p>\n<\/div>\n\n\n\n<div class=\"wp-block-column has-ast-global-color-3-color has-text-color has-link-color wp-elements-4811756bc61f0f1bb6d22edfa087f09b is-layout-flow wp-block-column-is-layout-flow\" style=\"flex-basis:60%\">\n<p class=\"has-ast-global-color-2-color has-text-color has-link-color wp-elements-5f5fb616ebf654161a313400d757dc77\"><strong>Mardi 30 juillet 2024 &#8211; 20h30 &#8211; Eglise de Bessans<\/strong><\/p>\n\n\n\n<p class=\"has-ast-global-color-1-color has-text-color has-link-color wp-elements-163384188040707e21a305d924007d97\"><a href=\"https:\/\/ouilleallegre.fr\/index.php\/ensemble-la-piemontoise\/\" data-type=\"page\" data-id=\"220\">Ensemble La Pi\u00e9montoise<\/a><\/p>\n\n\n\n<p class=\"has-text-align-left has-ast-global-color-3-color has-text-color has-link-color wp-elements-fbd70274335ef7247dfa00ddf4613d04\" style=\"font-size:16px\">\u00ab\u00a0Un Air de Lumi\u00e8res\u00a0\u00bb<\/p>\n\n\n\n<p class=\"has-ast-global-color-3-color has-text-color has-link-color wp-elements-893dbd9614c8b9de317aa9de48623e73\">\u0152uvres de G-P. Telemann, J-S. Bach, D. Scarlatti, A. Corelli\u2026<\/p>\n\n\n\n<p class=\"has-text-align-left has-ast-global-color-3-color has-text-color has-link-color wp-elements-9587aff808379335d05c2516b7c59410\" style=\"font-size:16px\">L\u2019ensemble La Pi\u00e9montoise propose un voyage dans l\u2019Europe du XVIIIe si\u00e8cle, \u00e9poque o\u00f9 les artistes eux-m\u00eames voyageaient beaucoup, se rencontraient, s\u2019influen\u00e7aient mutuellement, allant m\u00eame jusqu\u2019\u00e0 se copier.<br>Les compositions, transcriptions et copies, circulaient facilement, publi\u00e9es surtout par des \u00e9diteurs hollandais et anglais, l\u00e0 o\u00f9 les droits d\u2019auteur n\u2019\u00e9taient pas aussi aboutis que maintenant.<br>La brochette de grands musiciens qui ont compos\u00e9 les pi\u00e8ces de ce programme repr\u00e9sente bien ce climat d\u2019effervescence culturelle entre Baroque et Lumi\u00e8res.<br><\/p>\n<\/div>\n<\/div>\n<\/div>\n<\/div><\/div>\n\n\n\n<div class=\"wp-block-columns is-layout-flex wp-container-core-columns-is-layout-28f84493 wp-block-columns-is-layout-flex\">\n<div class=\"wp-block-column is-layout-flow wp-block-column-is-layout-flow\">\n<div class=\"wp-block-buttons is-content-justification-center is-layout-flex wp-container-core-buttons-is-layout-a89b3969 wp-block-buttons-is-layout-flex\">\n<div class=\"wp-block-button\"><a class=\"wp-block-button__link wp-element-button\" href=\"https:\/\/www.helloasso.com\/associations\/rencontres-artistiques-de-l-ouille-allegre\/evenements\/musicales-de-l-ouille-allegre-2024-1\" target=\"_blank\" rel=\"noreferrer noopener\">Billetterie<\/a><\/div>\n<\/div>\n<\/div>\n<\/div>\n","protected":false},"excerpt":{"rendered":"","protected":false},"author":1,"featured_media":0,"parent":0,"menu_order":0,"comment_status":"closed","ping_status":"closed","template":"","meta":{"site-sidebar-layout":"default","site-content-layout":"","ast-site-content-layout":"default","site-content-style":"default","site-sidebar-style":"default","ast-global-header-display":"","ast-banner-title-visibility":"","ast-main-header-display":"","ast-hfb-above-header-display":"","ast-hfb-below-header-display":"","ast-hfb-mobile-header-display":"","site-post-title":"","ast-breadcrumbs-content":"","ast-featured-img":"","footer-sml-layout":"","theme-transparent-header-meta":"","adv-header-id-meta":"","stick-header-meta":"","header-above-stick-meta":"","header-main-stick-meta":"","header-below-stick-meta":"","astra-migrate-meta-layouts":"default","ast-page-background-enabled":"default","ast-page-background-meta":{"desktop":{"background-color":"var(--ast-global-color-4)","background-image":"","background-repeat":"repeat","background-position":"center center","background-size":"auto","background-attachment":"scroll","background-type":"","background-media":"","overlay-type":"","overlay-color":"","overlay-opacity":"","overlay-gradient":""},"tablet":{"background-color":"","background-image":"","background-repeat":"repeat","background-position":"center center","background-size":"auto","background-attachment":"scroll","background-type":"","background-media":"","overlay-type":"","overlay-color":"","overlay-opacity":"","overlay-gradient":""},"mobile":{"background-color":"","background-image":"","background-repeat":"repeat","background-position":"center center","background-size":"auto","background-attachment":"scroll","background-type":"","background-media":"","overlay-type":"","overlay-color":"","overlay-opacity":"","overlay-gradient":""}},"ast-content-background-meta":{"desktop":{"background-color":"var(--ast-global-color-5)","background-image":"","background-repeat":"repeat","background-position":"center center","background-size":"auto","background-attachment":"scroll","background-type":"","background-media":"","overlay-type":"","overlay-color":"","overlay-opacity":"","overlay-gradient":""},"tablet":{"background-color":"var(--ast-global-color-5)","background-image":"","background-repeat":"repeat","background-position":"center center","background-size":"auto","background-attachment":"scroll","background-type":"","background-media":"","overlay-type":"","overlay-color":"","overlay-opacity":"","overlay-gradient":""},"mobile":{"background-color":"var(--ast-global-color-5)","background-image":"","background-repeat":"repeat","background-position":"center center","background-size":"auto","background-attachment":"scroll","background-type":"","background-media":"","overlay-type":"","overlay-color":"","overlay-opacity":"","overlay-gradient":""}},"footnotes":""},"class_list":["post-42","page","type-page","status-publish","hentry"],"yoast_head":"<!-- This site is optimized with the Yoast SEO plugin v26.2 - https:\/\/yoast.com\/wordpress\/plugins\/seo\/ -->\n<title>Programmation 2024 - Rencontres Artistiques de l&#039;Ouille All\u00e8gre<\/title>\n<meta name=\"description\" content=\"Programmation de la 1e \u00e9dition des Musicales de l&#039;Ouille All\u00e8gre \u00e0 Bessans et Bonneval-sur-Arc du 25 au 30 juillet 2024.\" \/>\n<meta name=\"robots\" content=\"index, follow, max-snippet:-1, max-image-preview:large, max-video-preview:-1\" \/>\n<link rel=\"canonical\" href=\"https:\/\/ouilleallegre.fr\/index.php\/programmation-2024\/\" \/>\n<meta property=\"og:locale\" content=\"fr_FR\" \/>\n<meta property=\"og:type\" content=\"article\" \/>\n<meta property=\"og:title\" content=\"Programmation 2024 - Rencontres Artistiques de l&#039;Ouille All\u00e8gre\" \/>\n<meta property=\"og:description\" content=\"Programmation de la 1e \u00e9dition des Musicales de l&#039;Ouille All\u00e8gre \u00e0 Bessans et Bonneval-sur-Arc du 25 au 30 juillet 2024.\" \/>\n<meta property=\"og:url\" content=\"https:\/\/ouilleallegre.fr\/index.php\/programmation-2024\/\" \/>\n<meta property=\"og:site_name\" content=\"Rencontres Artistiques de l&#039;Ouille All\u00e8gre\" \/>\n<meta property=\"article:modified_time\" content=\"2025-10-29T14:31:32+00:00\" \/>\n<meta property=\"og:image\" content=\"https:\/\/ouilleallegre.fr\/wp-content\/uploads\/2024\/06\/P1130324-copie-1.jpg\" \/>\n\t<meta property=\"og:image:width\" content=\"2111\" \/>\n\t<meta property=\"og:image:height\" content=\"1775\" \/>\n\t<meta property=\"og:image:type\" content=\"image\/jpeg\" \/>\n<meta name=\"twitter:card\" content=\"summary_large_image\" \/>\n<meta name=\"twitter:label1\" content=\"Dur\u00e9e de lecture estim\u00e9e\" \/>\n\t<meta name=\"twitter:data1\" content=\"6 minutes\" \/>\n<script type=\"application\/ld+json\" class=\"yoast-schema-graph\">{\"@context\":\"https:\/\/schema.org\",\"@graph\":[{\"@type\":\"WebPage\",\"@id\":\"https:\/\/ouilleallegre.fr\/index.php\/programmation-2024\/\",\"url\":\"https:\/\/ouilleallegre.fr\/index.php\/programmation-2024\/\",\"name\":\"Programmation 2024 - Rencontres Artistiques de l&#039;Ouille All\u00e8gre\",\"isPartOf\":{\"@id\":\"https:\/\/ouilleallegre.fr\/#website\"},\"primaryImageOfPage\":{\"@id\":\"https:\/\/ouilleallegre.fr\/index.php\/programmation-2024\/#primaryimage\"},\"image\":{\"@id\":\"https:\/\/ouilleallegre.fr\/index.php\/programmation-2024\/#primaryimage\"},\"thumbnailUrl\":\"https:\/\/ouilleallegre.fr\/wp-content\/uploads\/2024\/06\/P1130324-copie-1.jpg\",\"datePublished\":\"2024-05-26T16:45:38+00:00\",\"dateModified\":\"2025-10-29T14:31:32+00:00\",\"description\":\"Programmation de la 1e \u00e9dition des Musicales de l'Ouille All\u00e8gre \u00e0 Bessans et Bonneval-sur-Arc du 25 au 30 juillet 2024.\",\"breadcrumb\":{\"@id\":\"https:\/\/ouilleallegre.fr\/index.php\/programmation-2024\/#breadcrumb\"},\"inLanguage\":\"fr-FR\",\"potentialAction\":[{\"@type\":\"ReadAction\",\"target\":[\"https:\/\/ouilleallegre.fr\/index.php\/programmation-2024\/\"]}]},{\"@type\":\"ImageObject\",\"inLanguage\":\"fr-FR\",\"@id\":\"https:\/\/ouilleallegre.fr\/index.php\/programmation-2024\/#primaryimage\",\"url\":\"https:\/\/ouilleallegre.fr\/wp-content\/uploads\/2024\/06\/P1130324-copie-1.jpg\",\"contentUrl\":\"https:\/\/ouilleallegre.fr\/wp-content\/uploads\/2024\/06\/P1130324-copie-1.jpg\",\"width\":2111,\"height\":1775},{\"@type\":\"BreadcrumbList\",\"@id\":\"https:\/\/ouilleallegre.fr\/index.php\/programmation-2024\/#breadcrumb\",\"itemListElement\":[{\"@type\":\"ListItem\",\"position\":1,\"name\":\"Accueil\",\"item\":\"https:\/\/ouilleallegre.fr\/\"},{\"@type\":\"ListItem\",\"position\":2,\"name\":\"Programmation 2024\"}]},{\"@type\":\"WebSite\",\"@id\":\"https:\/\/ouilleallegre.fr\/#website\",\"url\":\"https:\/\/ouilleallegre.fr\/\",\"name\":\"Rencontres Artistiques de l'Ouille All\u00e8gre\",\"description\":\"\",\"publisher\":{\"@id\":\"https:\/\/ouilleallegre.fr\/#organization\"},\"potentialAction\":[{\"@type\":\"SearchAction\",\"target\":{\"@type\":\"EntryPoint\",\"urlTemplate\":\"https:\/\/ouilleallegre.fr\/?s={search_term_string}\"},\"query-input\":{\"@type\":\"PropertyValueSpecification\",\"valueRequired\":true,\"valueName\":\"search_term_string\"}}],\"inLanguage\":\"fr-FR\"},{\"@type\":\"Organization\",\"@id\":\"https:\/\/ouilleallegre.fr\/#organization\",\"name\":\"Rencontres Artistiques de l'Ouille All\u00e8gre\",\"url\":\"https:\/\/ouilleallegre.fr\/\",\"logo\":{\"@type\":\"ImageObject\",\"inLanguage\":\"fr-FR\",\"@id\":\"https:\/\/ouilleallegre.fr\/#\/schema\/logo\/image\/\",\"url\":\"https:\/\/ouilleallegre.fr\/wp-content\/uploads\/2024\/06\/Logo_OuilleAllegre_VersionSiteInternet_FondTransparent.png\",\"contentUrl\":\"https:\/\/ouilleallegre.fr\/wp-content\/uploads\/2024\/06\/Logo_OuilleAllegre_VersionSiteInternet_FondTransparent.png\",\"width\":1000,\"height\":375,\"caption\":\"Rencontres Artistiques de l'Ouille All\u00e8gre\"},\"image\":{\"@id\":\"https:\/\/ouilleallegre.fr\/#\/schema\/logo\/image\/\"},\"sameAs\":[\"https:\/\/www.instagram.com\/rencontres_ouille_allegre\/\"]}]}<\/script>\n<!-- \/ Yoast SEO plugin. -->","yoast_head_json":{"title":"Programmation 2024 - Rencontres Artistiques de l&#039;Ouille All\u00e8gre","description":"Programmation de la 1e \u00e9dition des Musicales de l'Ouille All\u00e8gre \u00e0 Bessans et Bonneval-sur-Arc du 25 au 30 juillet 2024.","robots":{"index":"index","follow":"follow","max-snippet":"max-snippet:-1","max-image-preview":"max-image-preview:large","max-video-preview":"max-video-preview:-1"},"canonical":"https:\/\/ouilleallegre.fr\/index.php\/programmation-2024\/","og_locale":"fr_FR","og_type":"article","og_title":"Programmation 2024 - Rencontres Artistiques de l&#039;Ouille All\u00e8gre","og_description":"Programmation de la 1e \u00e9dition des Musicales de l'Ouille All\u00e8gre \u00e0 Bessans et Bonneval-sur-Arc du 25 au 30 juillet 2024.","og_url":"https:\/\/ouilleallegre.fr\/index.php\/programmation-2024\/","og_site_name":"Rencontres Artistiques de l&#039;Ouille All\u00e8gre","article_modified_time":"2025-10-29T14:31:32+00:00","og_image":[{"width":2111,"height":1775,"url":"https:\/\/ouilleallegre.fr\/wp-content\/uploads\/2024\/06\/P1130324-copie-1.jpg","type":"image\/jpeg"}],"twitter_card":"summary_large_image","twitter_misc":{"Dur\u00e9e de lecture estim\u00e9e":"6 minutes"},"schema":{"@context":"https:\/\/schema.org","@graph":[{"@type":"WebPage","@id":"https:\/\/ouilleallegre.fr\/index.php\/programmation-2024\/","url":"https:\/\/ouilleallegre.fr\/index.php\/programmation-2024\/","name":"Programmation 2024 - Rencontres Artistiques de l&#039;Ouille All\u00e8gre","isPartOf":{"@id":"https:\/\/ouilleallegre.fr\/#website"},"primaryImageOfPage":{"@id":"https:\/\/ouilleallegre.fr\/index.php\/programmation-2024\/#primaryimage"},"image":{"@id":"https:\/\/ouilleallegre.fr\/index.php\/programmation-2024\/#primaryimage"},"thumbnailUrl":"https:\/\/ouilleallegre.fr\/wp-content\/uploads\/2024\/06\/P1130324-copie-1.jpg","datePublished":"2024-05-26T16:45:38+00:00","dateModified":"2025-10-29T14:31:32+00:00","description":"Programmation de la 1e \u00e9dition des Musicales de l'Ouille All\u00e8gre \u00e0 Bessans et Bonneval-sur-Arc du 25 au 30 juillet 2024.","breadcrumb":{"@id":"https:\/\/ouilleallegre.fr\/index.php\/programmation-2024\/#breadcrumb"},"inLanguage":"fr-FR","potentialAction":[{"@type":"ReadAction","target":["https:\/\/ouilleallegre.fr\/index.php\/programmation-2024\/"]}]},{"@type":"ImageObject","inLanguage":"fr-FR","@id":"https:\/\/ouilleallegre.fr\/index.php\/programmation-2024\/#primaryimage","url":"https:\/\/ouilleallegre.fr\/wp-content\/uploads\/2024\/06\/P1130324-copie-1.jpg","contentUrl":"https:\/\/ouilleallegre.fr\/wp-content\/uploads\/2024\/06\/P1130324-copie-1.jpg","width":2111,"height":1775},{"@type":"BreadcrumbList","@id":"https:\/\/ouilleallegre.fr\/index.php\/programmation-2024\/#breadcrumb","itemListElement":[{"@type":"ListItem","position":1,"name":"Accueil","item":"https:\/\/ouilleallegre.fr\/"},{"@type":"ListItem","position":2,"name":"Programmation 2024"}]},{"@type":"WebSite","@id":"https:\/\/ouilleallegre.fr\/#website","url":"https:\/\/ouilleallegre.fr\/","name":"Rencontres Artistiques de l'Ouille All\u00e8gre","description":"","publisher":{"@id":"https:\/\/ouilleallegre.fr\/#organization"},"potentialAction":[{"@type":"SearchAction","target":{"@type":"EntryPoint","urlTemplate":"https:\/\/ouilleallegre.fr\/?s={search_term_string}"},"query-input":{"@type":"PropertyValueSpecification","valueRequired":true,"valueName":"search_term_string"}}],"inLanguage":"fr-FR"},{"@type":"Organization","@id":"https:\/\/ouilleallegre.fr\/#organization","name":"Rencontres Artistiques de l'Ouille All\u00e8gre","url":"https:\/\/ouilleallegre.fr\/","logo":{"@type":"ImageObject","inLanguage":"fr-FR","@id":"https:\/\/ouilleallegre.fr\/#\/schema\/logo\/image\/","url":"https:\/\/ouilleallegre.fr\/wp-content\/uploads\/2024\/06\/Logo_OuilleAllegre_VersionSiteInternet_FondTransparent.png","contentUrl":"https:\/\/ouilleallegre.fr\/wp-content\/uploads\/2024\/06\/Logo_OuilleAllegre_VersionSiteInternet_FondTransparent.png","width":1000,"height":375,"caption":"Rencontres Artistiques de l'Ouille All\u00e8gre"},"image":{"@id":"https:\/\/ouilleallegre.fr\/#\/schema\/logo\/image\/"},"sameAs":["https:\/\/www.instagram.com\/rencontres_ouille_allegre\/"]}]}},"_links":{"self":[{"href":"https:\/\/ouilleallegre.fr\/index.php\/wp-json\/wp\/v2\/pages\/42","targetHints":{"allow":["GET"]}}],"collection":[{"href":"https:\/\/ouilleallegre.fr\/index.php\/wp-json\/wp\/v2\/pages"}],"about":[{"href":"https:\/\/ouilleallegre.fr\/index.php\/wp-json\/wp\/v2\/types\/page"}],"author":[{"embeddable":true,"href":"https:\/\/ouilleallegre.fr\/index.php\/wp-json\/wp\/v2\/users\/1"}],"replies":[{"embeddable":true,"href":"https:\/\/ouilleallegre.fr\/index.php\/wp-json\/wp\/v2\/comments?post=42"}],"version-history":[{"count":39,"href":"https:\/\/ouilleallegre.fr\/index.php\/wp-json\/wp\/v2\/pages\/42\/revisions"}],"predecessor-version":[{"id":447,"href":"https:\/\/ouilleallegre.fr\/index.php\/wp-json\/wp\/v2\/pages\/42\/revisions\/447"}],"wp:attachment":[{"href":"https:\/\/ouilleallegre.fr\/index.php\/wp-json\/wp\/v2\/media?parent=42"}],"curies":[{"name":"wp","href":"https:\/\/api.w.org\/{rel}","templated":true}]}}