{"id":237,"date":"2024-06-23T11:13:48","date_gmt":"2024-06-23T09:13:48","guid":{"rendered":"https:\/\/ouilleallegre.fr\/?page_id=237"},"modified":"2025-10-29T21:40:36","modified_gmt":"2025-10-29T20:40:36","slug":"consort-hexacorde","status":"publish","type":"page","link":"https:\/\/ouilleallegre.fr\/index.php\/consort-hexacorde\/","title":{"rendered":"Consort Hexacorde"},"content":{"rendered":"\n<div class=\"wp-block-columns is-layout-flex wp-container-core-columns-is-layout-28f84493 wp-block-columns-is-layout-flex\">\n<div class=\"wp-block-column is-layout-flow wp-block-column-is-layout-flow\">\n<figure class=\"wp-block-image aligncenter size-large is-resized\"><img loading=\"lazy\" decoding=\"async\" width=\"1024\" height=\"768\" src=\"https:\/\/ouilleallegre.fr\/wp-content\/uploads\/2024\/06\/IMG_0984-1-1024x768.jpeg\" alt=\"Les membres du Consort Hexacorde avec leurs violes de gambes, dans un jardin.\" class=\"wp-image-238\" style=\"width:600px\" srcset=\"https:\/\/ouilleallegre.fr\/wp-content\/uploads\/2024\/06\/IMG_0984-1-1024x768.jpeg 1024w, https:\/\/ouilleallegre.fr\/wp-content\/uploads\/2024\/06\/IMG_0984-1-300x225.jpeg 300w, https:\/\/ouilleallegre.fr\/wp-content\/uploads\/2024\/06\/IMG_0984-1-768x576.jpeg 768w, https:\/\/ouilleallegre.fr\/wp-content\/uploads\/2024\/06\/IMG_0984-1-1536x1152.jpeg 1536w, https:\/\/ouilleallegre.fr\/wp-content\/uploads\/2024\/06\/IMG_0984-1-2048x1536.jpeg 2048w\" sizes=\"auto, (max-width: 1024px) 100vw, 1024px\" \/><\/figure>\n<\/div>\n<\/div>\n\n\n\n<p class=\"has-text-align-center\">Le Consort Hexacorde est form\u00e9 de Marjolaine Cambon, Val\u00e9rie Beutin, Christophe Oudin et Dominique Desjardins.<\/p>\n\n\n\n<div class=\"wp-block-columns is-layout-flex wp-container-core-columns-is-layout-28f84493 wp-block-columns-is-layout-flex\">\n<div class=\"wp-block-column is-layout-flow wp-block-column-is-layout-flow\" style=\"flex-basis:33.33%\">\n<figure class=\"wp-block-image size-full\"><img loading=\"lazy\" decoding=\"async\" width=\"516\" height=\"743\" src=\"https:\/\/ouilleallegre.fr\/wp-content\/uploads\/2024\/06\/Marjolaine-Cambon.jpg\" alt=\"Marjolaine Cambon avec sa viole de gambe.\" class=\"wp-image-242\" srcset=\"https:\/\/ouilleallegre.fr\/wp-content\/uploads\/2024\/06\/Marjolaine-Cambon.jpg 516w, https:\/\/ouilleallegre.fr\/wp-content\/uploads\/2024\/06\/Marjolaine-Cambon-208x300.jpg 208w\" sizes=\"auto, (max-width: 516px) 100vw, 516px\" \/><\/figure>\n<\/div>\n\n\n\n<div class=\"wp-block-column is-layout-flow wp-block-column-is-layout-flow\" style=\"flex-basis:66.66%\">\n<p><em><strong>Marjolaine CAMBON<\/strong>, viole de gambe et violoncelle<\/em><\/p>\n\n\n\n<p>Dipl\u00f4m\u00e9e du Conservatoire Royal de La Haye, elle s&rsquo;est form\u00e9e aupr\u00e8s des plus grands sp\u00e9cialistes du r\u00e9pertoire de la musique ancienne.<\/p>\n\n\n\n<p>Elle se produit dans divers ensembles de renomm\u00e9e internationale en France et \u00e0 l\u2019\u00e9tranger et participe \u00e0 plusieurs enregistrements discographiques avec <em>Les<\/em> <em>Talens Lyriques<\/em> (<strong>C.Rousset<\/strong>), Le Concert spirituel<strong> (H.Niquet)<\/strong>Les Epop\u00e9es <strong>(S.Fuget)<\/strong>, <em>Les Passions<\/em> (<strong>J.M. Andrieu<\/strong>), Stradivaria (<strong>D.Cuillier<\/strong>), Les Surprises (<strong>LN. Bestion de Camboulas<\/strong>), Le Caravans\u00e9rail<strong> (B.Cuiller)<\/strong> et Insula Orchestra (<strong>L.Equilbey<\/strong>)&nbsp;.<strong>&nbsp;&nbsp;&nbsp;&nbsp;&nbsp;&nbsp;&nbsp;&nbsp;&nbsp;&nbsp;&nbsp;&nbsp;&nbsp;&nbsp;&nbsp;&nbsp;<\/strong><\/p>\n\n\n\n<p>Actuellement, elle enseigne au CRR de St Maur des Foss\u00e9s(94) le violoncelle baroque et a cr\u00e9\u00e9 la classe de viole de gambe depuis 2016.<\/p>\n\n\n\n<p>D\u00e9sireuse d\u2019\u00e9largir son activit\u00e9 d\u2019interpr\u00e8te \u00e0 d\u2019autres formes d\u2019arts, elle se produit en ce moment dans le spectacle \u00ab&nbsp;L\u2019adoucisseur d\u2019angles&nbsp;\u00bb, contes philosophiques \u00e9crits et mis en sc\u00e8ne par B.Richter.<\/p>\n<\/div>\n<\/div>\n\n\n\n<div class=\"wp-block-columns is-layout-flex wp-container-core-columns-is-layout-28f84493 wp-block-columns-is-layout-flex\">\n<div class=\"wp-block-column is-layout-flow wp-block-column-is-layout-flow\" style=\"flex-basis:33.33%\">\n<figure class=\"wp-block-image size-large\"><img loading=\"lazy\" decoding=\"async\" width=\"700\" height=\"1024\" src=\"https:\/\/ouilleallegre.fr\/wp-content\/uploads\/2024\/06\/Valerie-Beutin-700x1024.jpg\" alt=\"Val\u00e9rie Beutin avec sa viole de gambe.\" class=\"wp-image-239\" srcset=\"https:\/\/ouilleallegre.fr\/wp-content\/uploads\/2024\/06\/Valerie-Beutin-700x1024.jpg 700w, https:\/\/ouilleallegre.fr\/wp-content\/uploads\/2024\/06\/Valerie-Beutin-205x300.jpg 205w, https:\/\/ouilleallegre.fr\/wp-content\/uploads\/2024\/06\/Valerie-Beutin-768x1124.jpg 768w, https:\/\/ouilleallegre.fr\/wp-content\/uploads\/2024\/06\/Valerie-Beutin.jpg 868w\" sizes=\"auto, (max-width: 700px) 100vw, 700px\" \/><\/figure>\n<\/div>\n\n\n\n<div class=\"wp-block-column is-layout-flow wp-block-column-is-layout-flow\" style=\"flex-basis:66.66%\">\n<p><em><strong>Val\u00e9rie Beutin , <\/strong>viole de gambe (dessus de viole et basse de viole) et violon<\/em><\/p>\n\n\n\n<p>Val\u00e9rie Beutin d\u00e9bute le violon dans une famille de musiciens. Elle obtient un premier prix de violon, un premier prix de musique de chambre et un prix d\u2019harmonie au Conservatoire National de Musique et de Danse de Paris (CNSMDP) en 1988, 89 et 90. La m\u00eame ann\u00e9e elle est laur\u00e9ate avec un second prix et un prix Roussel au 5<sup>\u00e8me<\/sup> concours international de musique de chambre de Paris en trio avec piano. Elle obtient le certificat d\u2019aptitude \u00e0 l\u2019enseignement et enseigne actuellement au Conservatoire \u00e0 Rayonnement D\u00e9partemental (CRD) de l\u2019Ha\u00ff-les-roses. En 2008 elle commence l\u2019\u00e9tude de la viole de gambe et obtient son Dipl\u00f4me d\u2019Etudes Musicales de viole de gambe en 2015. Elle est violon solo de l\u2019ensemble \u00ab&nbsp;Acad\u00e9mie Symphonique de Paris&nbsp;\u00bb.<\/p>\n<\/div>\n<\/div>\n\n\n\n<div class=\"wp-block-columns is-layout-flex wp-container-core-columns-is-layout-28f84493 wp-block-columns-is-layout-flex\">\n<div class=\"wp-block-column is-layout-flow wp-block-column-is-layout-flow\" style=\"flex-basis:33.33%\">\n<figure class=\"wp-block-image size-large\"><img loading=\"lazy\" decoding=\"async\" width=\"769\" height=\"1024\" src=\"https:\/\/ouilleallegre.fr\/wp-content\/uploads\/2024\/06\/Christophe-Oudin-769x1024.jpg\" alt=\"Christophe Oudin avec sa viole de gambe.\" class=\"wp-image-240\" srcset=\"https:\/\/ouilleallegre.fr\/wp-content\/uploads\/2024\/06\/Christophe-Oudin-769x1024.jpg 769w, https:\/\/ouilleallegre.fr\/wp-content\/uploads\/2024\/06\/Christophe-Oudin-225x300.jpg 225w, https:\/\/ouilleallegre.fr\/wp-content\/uploads\/2024\/06\/Christophe-Oudin-768x1023.jpg 768w, https:\/\/ouilleallegre.fr\/wp-content\/uploads\/2024\/06\/Christophe-Oudin-1153x1536.jpg 1153w, https:\/\/ouilleallegre.fr\/wp-content\/uploads\/2024\/06\/Christophe-Oudin.jpg 1390w\" sizes=\"auto, (max-width: 769px) 100vw, 769px\" \/><\/figure>\n<\/div>\n\n\n\n<div class=\"wp-block-column is-layout-flow wp-block-column-is-layout-flow\" style=\"flex-basis:66.66%\">\n<p><strong><em>Christophe Oudin<\/em><\/strong><em>, violoncelle et viole de gambe<\/em><\/p>\n\n\n\n<p>Christophe Oudin commence le violoncelle au C.R.R. de Boulogne (avec Jean Brizard, Annie Cochet et Michel Strauss) et poursuit ses \u00e9tudes au CNSMDP, o\u00f9 il obtient un prix de violoncelle dans les classes de Michel Strauss et Maurice Gendron, et un prix de musique de chambre dans la classe de Jacques Parennin et Jean-Claude Pennetier.<br>&nbsp;Il part se perfectionner \u00e0 Banff au Canada pendant six mois, puis effectue diff\u00e9rents stages en Europe o\u00f9 il rencontre de nombreuses fois Janos Starker.<\/p>\n\n\n\n<p>Il est \u00e9galement fr\u00e9quemment demand\u00e9 comme soliste (Concerti : Dvorak, Tcha\u00efkovski, Dutilleux, Chostakovitch, Saalinen\u2026)<\/p>\n\n\n\n<p>Il fait partie du quatuor \u00e0 cordes Midi-Minuit depuis 2016.<\/p>\n\n\n\n<p>Il cr\u00e9er l\u2019ensemble baroque \u00ab&nbsp;les Sonneurs&nbsp;\u00bb en 2007&nbsp;.<\/p>\n\n\n\n<p>Il joue du violoncelle baroque et de la viole de gambe (Pierre Jacquier ,1981). Il se perfectionne dans le r\u00e9pertoire de la musique ancienne aupr\u00e8s de Pascale Jaupart, Marjolaine Cambon (au CRR de Saint-Maur). Il participe \u00e9galement \u00e0 la classe de consort.<\/p>\n\n\n\n<p>Titulaire du C.A, il enseigne depuis 1994 le violoncelle au Conservatoire \u00e0 Rayonnement R\u00e9gional de Saint-Maur-des-Foss\u00e9s.<\/p>\n<\/div>\n<\/div>\n\n\n\n<div class=\"wp-block-columns is-layout-flex wp-container-core-columns-is-layout-28f84493 wp-block-columns-is-layout-flex\">\n<div class=\"wp-block-column is-layout-flow wp-block-column-is-layout-flow\" style=\"flex-basis:33.33%\">\n<figure class=\"wp-block-image size-large\"><img loading=\"lazy\" decoding=\"async\" width=\"681\" height=\"1024\" src=\"https:\/\/ouilleallegre.fr\/wp-content\/uploads\/2024\/06\/Dominique-Desjardins-681x1024.jpg\" alt=\"Dominique Desjardins avec sa viole de gambe.\" class=\"wp-image-245\" srcset=\"https:\/\/ouilleallegre.fr\/wp-content\/uploads\/2024\/06\/Dominique-Desjardins-681x1024.jpg 681w, https:\/\/ouilleallegre.fr\/wp-content\/uploads\/2024\/06\/Dominique-Desjardins-199x300.jpg 199w, https:\/\/ouilleallegre.fr\/wp-content\/uploads\/2024\/06\/Dominique-Desjardins-768x1155.jpg 768w, https:\/\/ouilleallegre.fr\/wp-content\/uploads\/2024\/06\/Dominique-Desjardins.jpg 920w\" sizes=\"auto, (max-width: 681px) 100vw, 681px\" \/><\/figure>\n<\/div>\n\n\n\n<div class=\"wp-block-column is-layout-flow wp-block-column-is-layout-flow\" style=\"flex-basis:66.66%\">\n<p><em><strong>Dominique Desjardins<\/strong>, contrebasse et viole de gambe<\/em><\/p>\n\n\n\n<p>Contrebassiste de formation, Dominique Desjardins a pass\u00e9 40 ans \u00e0 l\u2019Orchestre National de France, interpr\u00e9tant le r\u00e9pertoire symphonique et lyrique sous la direction des plus grands chefs, Lorin Maazel, Kurt Masur, Daniele Gatti pour les directeurs musicaux, mais aussi de nombreux chefs invit\u00e9s tels Seiji Ozawa, Riccardo Muti, L\u00e9onard Bernstein, Wolgang Sawallisch et tant d\u2019autres.<\/p>\n\n\n\n<p>Partenaire r\u00e9gulier du Quatuor \u00e0 cordes PARISII, Dominique Desjardins donne aussi de concerts avec de nombreux chambristes de renom. Avec la fl\u00fbtiste Claudine Desjardins-Cloutour il cr\u00e9e le Duo EXTR\u00caMES (cr\u00e9ation d\u2019\u0153uvres de G.Keller, M.Marder, D.Lema\u00eetre) et l\u2019Ensemble SCHERZINO, fl\u00fbte, violon, alto et contrebasse, qui \u00e9volue entre les transcriptions pour cette formation hors normes (Rossini, Bartok J.Strauss, Mozart\u2026) et les cr\u00e9ations (G. Keller, E. Ducreux).<\/p>\n\n\n\n<p>En parall\u00e8le il d\u00e9couvre depuis une quinzaine d\u2019ann\u00e9e la viole de gambe, tant l\u2019instrument lui-m\u00eame que le r\u00e9pertoire. Musique du 16<sup>e<\/sup> ou du 17<sup>e<\/sup> pour viole seule, duo avec traverso (fl\u00fbte traversi\u00e8re baroque) ou clavecin, consort de violes, basse continue pour la musique fran\u00e7aise, allemande, italienne, de la fin du 17<sup>e<\/sup> si\u00e8cle jusqu\u2019\u00e0 1750.<\/p>\n\n\n\n<p>Dans le cadre de la formation professionnelle il a rencontr\u00e9 des personnalit\u00e9s musicales du monde de la musique ancienne. Marjolaine Cambon l\u2019a initi\u00e9 \u00e0 la viole de gambe et \u00e0 la pratique du consort de violes (ensemble de violes de gambe de taille et de tessiture diff\u00e9rentes), puis Julie Dessaint et Marie Guillaumy. Il se perfectionne au conservatoire de l\u2019H\u00e4y-les-roses puis \u00e0 celui de Saint-Maur des foss\u00e9s. Int\u00e9ress\u00e9 par la lutherie et l\u2019archeterie de son instrument, il a construit son propre archet pour viole t\u00e9nor lors d\u2019un stage organis\u00e9 par le \u00ab&nbsp;Bois de lutherie&nbsp;\u00bb \u00e0 Fertans sous la conduite de Claire Berget.<\/p>\n<\/div>\n<\/div>\n\n\n\n<p><\/p>\n","protected":false},"excerpt":{"rendered":"<p>Le Consort Hexacorde est form\u00e9 de Marjolaine Cambon, Val\u00e9rie Beutin, Christophe Oudin et Dominique Desjardins. Marjolaine CAMBON, viole de gambe [&hellip;]<\/p>\n","protected":false},"author":1,"featured_media":0,"parent":0,"menu_order":0,"comment_status":"closed","ping_status":"closed","template":"","meta":{"site-sidebar-layout":"default","site-content-layout":"","ast-site-content-layout":"default","site-content-style":"default","site-sidebar-style":"default","ast-global-header-display":"","ast-banner-title-visibility":"","ast-main-header-display":"","ast-hfb-above-header-display":"","ast-hfb-below-header-display":"","ast-hfb-mobile-header-display":"","site-post-title":"","ast-breadcrumbs-content":"","ast-featured-img":"","footer-sml-layout":"","theme-transparent-header-meta":"","adv-header-id-meta":"","stick-header-meta":"","header-above-stick-meta":"","header-main-stick-meta":"","header-below-stick-meta":"","astra-migrate-meta-layouts":"default","ast-page-background-enabled":"default","ast-page-background-meta":{"desktop":{"background-color":"var(--ast-global-color-4)","background-image":"","background-repeat":"repeat","background-position":"center center","background-size":"auto","background-attachment":"scroll","background-type":"","background-media":"","overlay-type":"","overlay-color":"","overlay-opacity":"","overlay-gradient":""},"tablet":{"background-color":"","background-image":"","background-repeat":"repeat","background-position":"center center","background-size":"auto","background-attachment":"scroll","background-type":"","background-media":"","overlay-type":"","overlay-color":"","overlay-opacity":"","overlay-gradient":""},"mobile":{"background-color":"","background-image":"","background-repeat":"repeat","background-position":"center center","background-size":"auto","background-attachment":"scroll","background-type":"","background-media":"","overlay-type":"","overlay-color":"","overlay-opacity":"","overlay-gradient":""}},"ast-content-background-meta":{"desktop":{"background-color":"var(--ast-global-color-5)","background-image":"","background-repeat":"repeat","background-position":"center center","background-size":"auto","background-attachment":"scroll","background-type":"","background-media":"","overlay-type":"","overlay-color":"","overlay-opacity":"","overlay-gradient":""},"tablet":{"background-color":"var(--ast-global-color-5)","background-image":"","background-repeat":"repeat","background-position":"center center","background-size":"auto","background-attachment":"scroll","background-type":"","background-media":"","overlay-type":"","overlay-color":"","overlay-opacity":"","overlay-gradient":""},"mobile":{"background-color":"var(--ast-global-color-5)","background-image":"","background-repeat":"repeat","background-position":"center center","background-size":"auto","background-attachment":"scroll","background-type":"","background-media":"","overlay-type":"","overlay-color":"","overlay-opacity":"","overlay-gradient":""}},"footnotes":""},"class_list":["post-237","page","type-page","status-publish","hentry"],"yoast_head":"<!-- This site is optimized with the Yoast SEO plugin v26.2 - https:\/\/yoast.com\/wordpress\/plugins\/seo\/ -->\n<title>Consort Hexacorde<\/title>\n<meta name=\"description\" content=\"Le Consort Hexacorde est form\u00e9 de Marjolaine Cambon, Val\u00e9rie Beutin, Christophe Oudin et Dominique Desjardins.\" \/>\n<meta name=\"robots\" content=\"index, follow, max-snippet:-1, max-image-preview:large, max-video-preview:-1\" \/>\n<link rel=\"canonical\" href=\"https:\/\/ouilleallegre.fr\/index.php\/consort-hexacorde\/\" \/>\n<meta property=\"og:locale\" content=\"fr_FR\" \/>\n<meta property=\"og:type\" content=\"article\" \/>\n<meta property=\"og:title\" content=\"Consort Hexacorde\" \/>\n<meta property=\"og:description\" content=\"Le Consort Hexacorde est form\u00e9 de Marjolaine Cambon, Val\u00e9rie Beutin, Christophe Oudin et Dominique Desjardins.\" \/>\n<meta property=\"og:url\" content=\"https:\/\/ouilleallegre.fr\/index.php\/consort-hexacorde\/\" \/>\n<meta property=\"og:site_name\" content=\"Rencontres Artistiques de l&#039;Ouille All\u00e8gre\" \/>\n<meta property=\"article:modified_time\" content=\"2025-10-29T20:40:36+00:00\" \/>\n<meta property=\"og:image\" content=\"https:\/\/ouilleallegre.fr\/wp-content\/uploads\/2024\/06\/IMG_0984-1-1024x768.jpeg\" \/>\n\t<meta property=\"og:image:width\" content=\"1024\" \/>\n\t<meta property=\"og:image:height\" content=\"768\" \/>\n\t<meta property=\"og:image:type\" content=\"image\/jpeg\" \/>\n<meta name=\"twitter:card\" content=\"summary_large_image\" \/>\n<meta name=\"twitter:label1\" content=\"Dur\u00e9e de lecture estim\u00e9e\" \/>\n\t<meta name=\"twitter:data1\" content=\"5 minutes\" \/>\n<script type=\"application\/ld+json\" class=\"yoast-schema-graph\">{\"@context\":\"https:\/\/schema.org\",\"@graph\":[{\"@type\":\"WebPage\",\"@id\":\"https:\/\/ouilleallegre.fr\/index.php\/consort-hexacorde\/\",\"url\":\"https:\/\/ouilleallegre.fr\/index.php\/consort-hexacorde\/\",\"name\":\"Consort Hexacorde\",\"isPartOf\":{\"@id\":\"https:\/\/ouilleallegre.fr\/#website\"},\"primaryImageOfPage\":{\"@id\":\"https:\/\/ouilleallegre.fr\/index.php\/consort-hexacorde\/#primaryimage\"},\"image\":{\"@id\":\"https:\/\/ouilleallegre.fr\/index.php\/consort-hexacorde\/#primaryimage\"},\"thumbnailUrl\":\"https:\/\/ouilleallegre.fr\/wp-content\/uploads\/2024\/06\/IMG_0984-1-1024x768.jpeg\",\"datePublished\":\"2024-06-23T09:13:48+00:00\",\"dateModified\":\"2025-10-29T20:40:36+00:00\",\"description\":\"Le Consort Hexacorde est form\u00e9 de Marjolaine Cambon, Val\u00e9rie Beutin, Christophe Oudin et Dominique Desjardins.\",\"breadcrumb\":{\"@id\":\"https:\/\/ouilleallegre.fr\/index.php\/consort-hexacorde\/#breadcrumb\"},\"inLanguage\":\"fr-FR\",\"potentialAction\":[{\"@type\":\"ReadAction\",\"target\":[\"https:\/\/ouilleallegre.fr\/index.php\/consort-hexacorde\/\"]}]},{\"@type\":\"ImageObject\",\"inLanguage\":\"fr-FR\",\"@id\":\"https:\/\/ouilleallegre.fr\/index.php\/consort-hexacorde\/#primaryimage\",\"url\":\"https:\/\/ouilleallegre.fr\/wp-content\/uploads\/2024\/06\/IMG_0984-1-scaled.jpeg\",\"contentUrl\":\"https:\/\/ouilleallegre.fr\/wp-content\/uploads\/2024\/06\/IMG_0984-1-scaled.jpeg\",\"width\":2560,\"height\":1920},{\"@type\":\"BreadcrumbList\",\"@id\":\"https:\/\/ouilleallegre.fr\/index.php\/consort-hexacorde\/#breadcrumb\",\"itemListElement\":[{\"@type\":\"ListItem\",\"position\":1,\"name\":\"Accueil\",\"item\":\"https:\/\/ouilleallegre.fr\/\"},{\"@type\":\"ListItem\",\"position\":2,\"name\":\"Consort Hexacorde\"}]},{\"@type\":\"WebSite\",\"@id\":\"https:\/\/ouilleallegre.fr\/#website\",\"url\":\"https:\/\/ouilleallegre.fr\/\",\"name\":\"Rencontres Artistiques de l'Ouille All\u00e8gre\",\"description\":\"\",\"publisher\":{\"@id\":\"https:\/\/ouilleallegre.fr\/#organization\"},\"potentialAction\":[{\"@type\":\"SearchAction\",\"target\":{\"@type\":\"EntryPoint\",\"urlTemplate\":\"https:\/\/ouilleallegre.fr\/?s={search_term_string}\"},\"query-input\":{\"@type\":\"PropertyValueSpecification\",\"valueRequired\":true,\"valueName\":\"search_term_string\"}}],\"inLanguage\":\"fr-FR\"},{\"@type\":\"Organization\",\"@id\":\"https:\/\/ouilleallegre.fr\/#organization\",\"name\":\"Rencontres Artistiques de l'Ouille All\u00e8gre\",\"url\":\"https:\/\/ouilleallegre.fr\/\",\"logo\":{\"@type\":\"ImageObject\",\"inLanguage\":\"fr-FR\",\"@id\":\"https:\/\/ouilleallegre.fr\/#\/schema\/logo\/image\/\",\"url\":\"https:\/\/ouilleallegre.fr\/wp-content\/uploads\/2024\/06\/Logo_OuilleAllegre_VersionSiteInternet_FondTransparent.png\",\"contentUrl\":\"https:\/\/ouilleallegre.fr\/wp-content\/uploads\/2024\/06\/Logo_OuilleAllegre_VersionSiteInternet_FondTransparent.png\",\"width\":1000,\"height\":375,\"caption\":\"Rencontres Artistiques de l'Ouille All\u00e8gre\"},\"image\":{\"@id\":\"https:\/\/ouilleallegre.fr\/#\/schema\/logo\/image\/\"},\"sameAs\":[\"https:\/\/www.instagram.com\/rencontres_ouille_allegre\/\"]}]}<\/script>\n<!-- \/ Yoast SEO plugin. -->","yoast_head_json":{"title":"Consort Hexacorde","description":"Le Consort Hexacorde est form\u00e9 de Marjolaine Cambon, Val\u00e9rie Beutin, Christophe Oudin et Dominique Desjardins.","robots":{"index":"index","follow":"follow","max-snippet":"max-snippet:-1","max-image-preview":"max-image-preview:large","max-video-preview":"max-video-preview:-1"},"canonical":"https:\/\/ouilleallegre.fr\/index.php\/consort-hexacorde\/","og_locale":"fr_FR","og_type":"article","og_title":"Consort Hexacorde","og_description":"Le Consort Hexacorde est form\u00e9 de Marjolaine Cambon, Val\u00e9rie Beutin, Christophe Oudin et Dominique Desjardins.","og_url":"https:\/\/ouilleallegre.fr\/index.php\/consort-hexacorde\/","og_site_name":"Rencontres Artistiques de l&#039;Ouille All\u00e8gre","article_modified_time":"2025-10-29T20:40:36+00:00","og_image":[{"width":1024,"height":768,"url":"https:\/\/ouilleallegre.fr\/wp-content\/uploads\/2024\/06\/IMG_0984-1-1024x768.jpeg","type":"image\/jpeg"}],"twitter_card":"summary_large_image","twitter_misc":{"Dur\u00e9e de lecture estim\u00e9e":"5 minutes"},"schema":{"@context":"https:\/\/schema.org","@graph":[{"@type":"WebPage","@id":"https:\/\/ouilleallegre.fr\/index.php\/consort-hexacorde\/","url":"https:\/\/ouilleallegre.fr\/index.php\/consort-hexacorde\/","name":"Consort Hexacorde","isPartOf":{"@id":"https:\/\/ouilleallegre.fr\/#website"},"primaryImageOfPage":{"@id":"https:\/\/ouilleallegre.fr\/index.php\/consort-hexacorde\/#primaryimage"},"image":{"@id":"https:\/\/ouilleallegre.fr\/index.php\/consort-hexacorde\/#primaryimage"},"thumbnailUrl":"https:\/\/ouilleallegre.fr\/wp-content\/uploads\/2024\/06\/IMG_0984-1-1024x768.jpeg","datePublished":"2024-06-23T09:13:48+00:00","dateModified":"2025-10-29T20:40:36+00:00","description":"Le Consort Hexacorde est form\u00e9 de Marjolaine Cambon, Val\u00e9rie Beutin, Christophe Oudin et Dominique Desjardins.","breadcrumb":{"@id":"https:\/\/ouilleallegre.fr\/index.php\/consort-hexacorde\/#breadcrumb"},"inLanguage":"fr-FR","potentialAction":[{"@type":"ReadAction","target":["https:\/\/ouilleallegre.fr\/index.php\/consort-hexacorde\/"]}]},{"@type":"ImageObject","inLanguage":"fr-FR","@id":"https:\/\/ouilleallegre.fr\/index.php\/consort-hexacorde\/#primaryimage","url":"https:\/\/ouilleallegre.fr\/wp-content\/uploads\/2024\/06\/IMG_0984-1-scaled.jpeg","contentUrl":"https:\/\/ouilleallegre.fr\/wp-content\/uploads\/2024\/06\/IMG_0984-1-scaled.jpeg","width":2560,"height":1920},{"@type":"BreadcrumbList","@id":"https:\/\/ouilleallegre.fr\/index.php\/consort-hexacorde\/#breadcrumb","itemListElement":[{"@type":"ListItem","position":1,"name":"Accueil","item":"https:\/\/ouilleallegre.fr\/"},{"@type":"ListItem","position":2,"name":"Consort Hexacorde"}]},{"@type":"WebSite","@id":"https:\/\/ouilleallegre.fr\/#website","url":"https:\/\/ouilleallegre.fr\/","name":"Rencontres Artistiques de l'Ouille All\u00e8gre","description":"","publisher":{"@id":"https:\/\/ouilleallegre.fr\/#organization"},"potentialAction":[{"@type":"SearchAction","target":{"@type":"EntryPoint","urlTemplate":"https:\/\/ouilleallegre.fr\/?s={search_term_string}"},"query-input":{"@type":"PropertyValueSpecification","valueRequired":true,"valueName":"search_term_string"}}],"inLanguage":"fr-FR"},{"@type":"Organization","@id":"https:\/\/ouilleallegre.fr\/#organization","name":"Rencontres Artistiques de l'Ouille All\u00e8gre","url":"https:\/\/ouilleallegre.fr\/","logo":{"@type":"ImageObject","inLanguage":"fr-FR","@id":"https:\/\/ouilleallegre.fr\/#\/schema\/logo\/image\/","url":"https:\/\/ouilleallegre.fr\/wp-content\/uploads\/2024\/06\/Logo_OuilleAllegre_VersionSiteInternet_FondTransparent.png","contentUrl":"https:\/\/ouilleallegre.fr\/wp-content\/uploads\/2024\/06\/Logo_OuilleAllegre_VersionSiteInternet_FondTransparent.png","width":1000,"height":375,"caption":"Rencontres Artistiques de l'Ouille All\u00e8gre"},"image":{"@id":"https:\/\/ouilleallegre.fr\/#\/schema\/logo\/image\/"},"sameAs":["https:\/\/www.instagram.com\/rencontres_ouille_allegre\/"]}]}},"_links":{"self":[{"href":"https:\/\/ouilleallegre.fr\/index.php\/wp-json\/wp\/v2\/pages\/237","targetHints":{"allow":["GET"]}}],"collection":[{"href":"https:\/\/ouilleallegre.fr\/index.php\/wp-json\/wp\/v2\/pages"}],"about":[{"href":"https:\/\/ouilleallegre.fr\/index.php\/wp-json\/wp\/v2\/types\/page"}],"author":[{"embeddable":true,"href":"https:\/\/ouilleallegre.fr\/index.php\/wp-json\/wp\/v2\/users\/1"}],"replies":[{"embeddable":true,"href":"https:\/\/ouilleallegre.fr\/index.php\/wp-json\/wp\/v2\/comments?post=237"}],"version-history":[{"count":6,"href":"https:\/\/ouilleallegre.fr\/index.php\/wp-json\/wp\/v2\/pages\/237\/revisions"}],"predecessor-version":[{"id":775,"href":"https:\/\/ouilleallegre.fr\/index.php\/wp-json\/wp\/v2\/pages\/237\/revisions\/775"}],"wp:attachment":[{"href":"https:\/\/ouilleallegre.fr\/index.php\/wp-json\/wp\/v2\/media?parent=237"}],"curies":[{"name":"wp","href":"https:\/\/api.w.org\/{rel}","templated":true}]}}